{"id":587,"date":"2025-06-06T09:59:00","date_gmt":"2025-06-06T07:59:00","guid":{"rendered":"https:\/\/staging.univ-unita.eu\/?page_id=587"},"modified":"2025-12-09T11:15:22","modified_gmt":"2025-12-09T10:15:22","slug":"associated-partners","status":"publish","type":"page","link":"https:\/\/univ-unita.eu\/it\/our-alliance\/associated-partners\/","title":{"rendered":"Associated partners"},"content":{"rendered":"<div data-elementor-type=\"wp-page\" data-elementor-id=\"587\" class=\"elementor elementor-587\" data-elementor-post-type=\"page\">\n\t\t\t\t<div class=\"elementor-element elementor-element-3e06b873 e-con-full e-flex wpr-particle-no wpr-jarallax-no wpr-parallax-no wpr-sticky-section-no wpr-equal-height-no e-con e-parent\" data-id=\"3e06b873\" data-element_type=\"container\" data-e-type=\"container\">\n\t\t\t\t<div class=\"elementor-element elementor-element-1c23f630 elementor--h-position-center elementor--v-position-middle elementor-arrows-position-inside elementor-pagination-position-inside exad-sticky-section-no exad-glass-effect-no elementor-widget elementor-widget-slides\" data-id=\"1c23f630\" data-element_type=\"widget\" data-e-type=\"widget\" data-settings=\"{&quot;navigation&quot;:&quot;both&quot;,&quot;autoplay&quot;:&quot;yes&quot;,&quot;pause_on_hover&quot;:&quot;yes&quot;,&quot;pause_on_interaction&quot;:&quot;yes&quot;,&quot;autoplay_speed&quot;:5000,&quot;infinite&quot;:&quot;yes&quot;,&quot;transition&quot;:&quot;slide&quot;,&quot;transition_speed&quot;:500}\" data-widget_type=\"slides.default\">\n\t\t\t\t<div class=\"elementor-widget-container\">\n\t\t\t\t\t\t\t\t\t<div class=\"elementor-swiper\">\n\t\t\t\t\t<div class=\"elementor-slides-wrapper elementor-main-swiper swiper\" role=\"region\" aria-roledescription=\"carousel\" aria-label=\"Slides\" dir=\"ltr\" data-animation=\"\">\n\t\t\t\t<div class=\"swiper-wrapper elementor-slides\">\n\t\t\t\t\t\t\t\t\t\t<div class=\"elementor-repeater-item-77ea12a swiper-slide\" role=\"group\" aria-roledescription=\"slide\"><div class=\"swiper-slide-bg\" role=\"img\" aria-label=\"Inclusive societies\"><\/div><div class=\"elementor-background-overlay\"><\/div><div class=\"swiper-slide-inner\" ><div class=\"swiper-slide-contents\"><h1 class=\"elementor-slide-heading\">Associated Partners<\/h1><\/div><\/div><\/div>\t\t\t\t<\/div>\n\t\t\t\t\t\t\t<\/div>\n\t\t\t\t<\/div>\n\t\t\t\t\t\t\t\t<\/div>\n\t\t\t\t<\/div>\n\t\t\t\t<\/div>\n\t\t<div class=\"elementor-element elementor-element-4efbfb8b e-flex e-con-boxed wpr-particle-no wpr-jarallax-no wpr-parallax-no wpr-sticky-section-no wpr-equal-height-no e-con e-parent\" data-id=\"4efbfb8b\" data-element_type=\"container\" data-e-type=\"container\">\n\t\t\t\t\t<div class=\"e-con-inner\">\n\t\t\t\t<div class=\"elementor-element elementor-element-3b3b7c8f exad-sticky-section-no exad-glass-effect-no elementor-widget elementor-widget-breadcrumbs\" data-id=\"3b3b7c8f\" data-element_type=\"widget\" data-e-type=\"widget\" data-widget_type=\"breadcrumbs.default\">\n\t\t\t\t<div class=\"elementor-widget-container\">\n\t\t\t\t\t<p id=\"breadcrumbs\"><span><span><a href=\"https:\/\/univ-unita.eu\/it\/\">Home<\/a><\/span><\/span><\/p>\t\t\t\t<\/div>\n\t\t\t\t<\/div>\n\t\t\t\t\t<\/div>\n\t\t\t\t<\/div>\n\t\t<div class=\"elementor-element elementor-element-154fce55 e-flex e-con-boxed wpr-particle-no wpr-jarallax-no wpr-parallax-no wpr-sticky-section-no wpr-equal-height-no e-con e-parent\" data-id=\"154fce55\" data-element_type=\"container\" data-e-type=\"container\">\n\t\t\t\t\t<div class=\"e-con-inner\">\n\t\t<div class=\"elementor-element elementor-element-2b453900 e-con-full e-flex wpr-particle-no wpr-jarallax-no wpr-parallax-no wpr-sticky-section-no wpr-equal-height-no e-con e-child\" data-id=\"2b453900\" data-element_type=\"container\" data-e-type=\"container\">\n\t\t\t\t<div class=\"elementor-element elementor-element-48ec07b0 exad-sticky-section-no exad-glass-effect-no elementor-widget elementor-widget-text-editor\" data-id=\"48ec07b0\" data-element_type=\"widget\" data-e-type=\"widget\" data-widget_type=\"text-editor.default\">\n\t\t\t\t<div class=\"elementor-widget-container\">\n\t\t\t\t\t\t\t\t\t<h4><strong>Associated Partners are a key resource for UNITA to reach the objectives of the Alliance<\/strong><\/h4><p><span style=\"color: #000000;\">Our <strong>more than fifty associated partners<\/strong> represent different actors in each regional ecosystem, including the socio-economic sector, public authorities, a quality assurance agency, policy makers and civil organizations.<\/span><\/p>\t\t\t\t\t\t\t\t<\/div>\n\t\t\t\t<\/div>\n\t\t\t\t<\/div>\n\t\t<div class=\"elementor-element elementor-element-50e328cf e-con-full e-flex wpr-particle-no wpr-jarallax-no wpr-parallax-no wpr-sticky-section-no wpr-equal-height-no e-con e-child\" data-id=\"50e328cf\" data-element_type=\"container\" data-e-type=\"container\">\n\t\t\t\t<div class=\"elementor-element elementor-element-75039233 exad-sticky-section-no exad-glass-effect-no elementor-widget elementor-widget-image\" data-id=\"75039233\" data-element_type=\"widget\" data-e-type=\"widget\" data-widget_type=\"image.default\">\n\t\t\t\t<div class=\"elementor-widget-container\">\n\t\t\t\t\t\t\t\t\t\t\t\t\t\t\t<img fetchpriority=\"high\" decoding=\"async\" width=\"1300\" height=\"650\" src=\"https:\/\/univ-unita.eu\/wp-content\/uploads\/2025\/11\/unito-Torino-Fiume-Po-Studenti-02-1300x650.jpg\" class=\"attachment-qi_addons_for_elementor_image_size_landscape size-qi_addons_for_elementor_image_size_landscape wp-image-6204\" alt=\"Sutdents in Torino\" \/>\t\t\t\t\t\t\t\t\t\t\t\t\t\t\t<\/div>\n\t\t\t\t<\/div>\n\t\t\t\t<\/div>\n\t\t\t\t\t<\/div>\n\t\t\t\t<\/div>\n\t\t<div class=\"elementor-element elementor-element-2c3cf4f e-flex e-con-boxed wpr-particle-no wpr-jarallax-no wpr-parallax-no wpr-sticky-section-no wpr-equal-height-no e-con e-parent\" data-id=\"2c3cf4f\" data-element_type=\"container\" data-e-type=\"container\">\n\t\t\t\t\t<div class=\"e-con-inner\">\n\t\t<div class=\"elementor-element elementor-element-9b53a50 e-con-full e-flex wpr-particle-no wpr-jarallax-no wpr-parallax-no wpr-sticky-section-no wpr-equal-height-no e-con e-child\" data-id=\"9b53a50\" data-element_type=\"container\" data-e-type=\"container\">\n\t\t\t\t<div class=\"elementor-element elementor-element-031a48a elementor-widget-divider--view-line_text elementor-widget-divider--element-align-center exad-sticky-section-no exad-glass-effect-no elementor-widget elementor-widget-divider\" data-id=\"031a48a\" data-element_type=\"widget\" data-e-type=\"widget\" data-widget_type=\"divider.default\">\n\t\t\t\t<div class=\"elementor-widget-container\">\n\t\t\t\t\t\t\t<div class=\"elementor-divider\">\n\t\t\t<span class=\"elementor-divider-separator\">\n\t\t\t\t\t\t\t<span class=\"elementor-divider__text elementor-divider__element\">\n\t\t\t\tINTERNATIONAL ORGANIZATIONS\t\t\t\t<\/span>\n\t\t\t\t\t\t<\/span>\n\t\t<\/div>\n\t\t\t\t\t\t<\/div>\n\t\t\t\t<\/div>\n\t\t\t\t<\/div>\n\t\t<div class=\"elementor-element elementor-element-27a3ef6 e-con-full e-flex wpr-particle-no wpr-jarallax-no wpr-parallax-no wpr-sticky-section-no wpr-equal-height-no e-con e-child\" data-id=\"27a3ef6\" data-element_type=\"container\" data-e-type=\"container\">\n\t\t\t\t<div class=\"elementor-element elementor-element-f10431a exad-sticky-section-no exad-glass-effect-no elementor-widget elementor-widget-image-box\" data-id=\"f10431a\" data-element_type=\"widget\" data-e-type=\"widget\" data-widget_type=\"image-box.default\">\n\t\t\t\t<div class=\"elementor-widget-container\">\n\t\t\t\t\t<div class=\"elementor-image-box-wrapper\"><div class=\"elementor-image-box-content\"><h3 class=\"elementor-image-box-title\"><a href=\"https:\/\/www.auf.org\/\" target=\"_blank\">AUF - Agence Universitaire de la Francophonie<\/a><\/h3><p class=\"elementor-image-box-description\">The AUF, a global association of higher education and research institutions in the French-speaking world, brings together 1,007 university institutions across all continents in 119 countries.<br><\/p><\/div><\/div>\t\t\t\t<\/div>\n\t\t\t\t<\/div>\n\t\t\t\t<\/div>\n\t\t<div class=\"elementor-element elementor-element-8842b58 e-con-full e-flex wpr-particle-no wpr-jarallax-no wpr-parallax-no wpr-sticky-section-no wpr-equal-height-no e-con e-child\" data-id=\"8842b58\" data-element_type=\"container\" data-e-type=\"container\">\n\t\t\t\t<div class=\"elementor-element elementor-element-cd73e99 exad-sticky-section-no exad-glass-effect-no elementor-widget elementor-widget-image-box\" data-id=\"cd73e99\" data-element_type=\"widget\" data-e-type=\"widget\" data-widget_type=\"image-box.default\">\n\t\t\t\t<div class=\"elementor-widget-container\">\n\t\t\t\t\t<div class=\"elementor-image-box-wrapper\"><div class=\"elementor-image-box-content\"><h3 class=\"elementor-image-box-title\"><a href=\"http:\/\/aulp.org\/\" target=\"_blank\">AULP - Associa\u00e7\u00e3o das Universidades de L\u00edngua Portuguesa<\/a><\/h3><p class=\"elementor-image-box-description\">The AULP is an international NGO that fosters cooperation, information exchange, and the collective development of Portuguese-language education and research among over 130 members across Portuguese-speaking countries and regions.<\/p><\/div><\/div>\t\t\t\t<\/div>\n\t\t\t\t<\/div>\n\t\t\t\t<\/div>\n\t\t<div class=\"elementor-element elementor-element-16a9201 e-con-full e-flex wpr-particle-no wpr-jarallax-no wpr-parallax-no wpr-sticky-section-no wpr-equal-height-no e-con e-child\" data-id=\"16a9201\" data-element_type=\"container\" data-e-type=\"container\">\n\t\t\t\t<div class=\"elementor-element elementor-element-1892b98 exad-sticky-section-no exad-glass-effect-no elementor-widget elementor-widget-image-box\" data-id=\"1892b98\" data-element_type=\"widget\" data-e-type=\"widget\" data-widget_type=\"image-box.default\">\n\t\t\t\t<div class=\"elementor-widget-container\">\n\t\t\t\t\t<div class=\"elementor-image-box-wrapper\"><div class=\"elementor-image-box-content\"><h3 class=\"elementor-image-box-title\"><a href=\"https:\/\/oei.int\/oficinas\/secretaria-general\" target=\"_blank\">OEI - Organizaci\u00f3n de Estados Iberoamericanos para la Educaci\u00f3n, la Ciencia y la Cultura<\/a><\/h3><p class=\"elementor-image-box-description\">The OEI is the largest multilateral cooperation organization among Spanish- and Portuguese-speaking Ibero-American countries, with a physical presence in 20 countries<\/p><\/div><\/div>\t\t\t\t<\/div>\n\t\t\t\t<\/div>\n\t\t\t\t<\/div>\n\t\t<div class=\"elementor-element elementor-element-2435858 e-con-full e-flex wpr-particle-no wpr-jarallax-no wpr-parallax-no wpr-sticky-section-no wpr-equal-height-no e-con e-child\" data-id=\"2435858\" data-element_type=\"container\" data-e-type=\"container\">\n\t\t\t\t<div class=\"elementor-element elementor-element-1d46d6b exad-sticky-section-no exad-glass-effect-no elementor-widget elementor-widget-image-box\" data-id=\"1d46d6b\" data-element_type=\"widget\" data-e-type=\"widget\" data-widget_type=\"image-box.default\">\n\t\t\t\t<div class=\"elementor-widget-container\">\n\t\t\t\t\t<div class=\"elementor-image-box-wrapper\"><div class=\"elementor-image-box-content\"><h3 class=\"elementor-image-box-title\"><a href=\"https:\/\/www.miriadi.net\/en\/apicad\" target=\"_blank\">APICAD - Association internationale pour la promotion de l'intercompr\u00e9hension \u00e0 distance<\/a><\/h3><p class=\"elementor-image-box-description\">The APICAD is a non-profit international association established in 2014 under French law. It manages the Miriadi network (French acronym for Pooling and Innovation for a Network of Distance Intercomprehension) and its web portal, coordinating the network and organizing online intercomprehension training within networking groups.\n<\/p><\/div><\/div>\t\t\t\t<\/div>\n\t\t\t\t<\/div>\n\t\t\t\t<\/div>\n\t\t<div class=\"elementor-element elementor-element-438f0f5 e-con-full e-flex wpr-particle-no wpr-jarallax-no wpr-parallax-no wpr-sticky-section-no wpr-equal-height-no e-con e-child\" data-id=\"438f0f5\" data-element_type=\"container\" data-e-type=\"container\">\n\t\t\t\t<div class=\"elementor-element elementor-element-462db79 exad-sticky-section-no exad-glass-effect-no elementor-widget elementor-widget-image-box\" data-id=\"462db79\" data-element_type=\"widget\" data-e-type=\"widget\" data-widget_type=\"image-box.default\">\n\t\t\t\t<div class=\"elementor-widget-container\">\n\t\t\t\t\t<div class=\"elementor-image-box-wrapper\"><div class=\"elementor-image-box-content\"><h3 class=\"elementor-image-box-title\"><a href=\"https:\/\/www.euromontana.org\/\" target=\"_blank\">Euromontana<\/a><\/h3><p class=\"elementor-image-box-description\">Euromontana is the European multi-stakeholder network for sustainable development and quality of life in the mountains.\n<\/p><\/div><\/div>\t\t\t\t<\/div>\n\t\t\t\t<\/div>\n\t\t\t\t<\/div>\n\t\t\t\t\t<\/div>\n\t\t\t\t<\/div>\n\t\t<div class=\"elementor-element elementor-element-a607f57 e-flex e-con-boxed wpr-particle-no wpr-jarallax-no wpr-parallax-no wpr-sticky-section-no wpr-equal-height-no e-con e-parent\" data-id=\"a607f57\" data-element_type=\"container\" data-e-type=\"container\" data-settings=\"{&quot;background_background&quot;:&quot;classic&quot;}\">\n\t\t\t\t\t<div class=\"e-con-inner\">\n\t\t<div class=\"elementor-element elementor-element-c65ad95 e-con-full e-flex wpr-particle-no wpr-jarallax-no wpr-parallax-no wpr-sticky-section-no wpr-equal-height-no e-con e-child\" data-id=\"c65ad95\" data-element_type=\"container\" data-e-type=\"container\">\n\t\t\t\t<div class=\"elementor-element elementor-element-dbadc26 elementor-widget-divider--view-line_text elementor-widget-divider--element-align-center exad-sticky-section-no exad-glass-effect-no elementor-widget elementor-widget-divider\" data-id=\"dbadc26\" data-element_type=\"widget\" data-e-type=\"widget\" data-widget_type=\"divider.default\">\n\t\t\t\t<div class=\"elementor-widget-container\">\n\t\t\t\t\t\t\t<div class=\"elementor-divider\">\n\t\t\t<span class=\"elementor-divider-separator\">\n\t\t\t\t\t\t\t<span class=\"elementor-divider__text elementor-divider__element\">\n\t\t\t\tNATIONAL ORGANIZATIONS\t\t\t\t<\/span>\n\t\t\t\t\t\t<\/span>\n\t\t<\/div>\n\t\t\t\t\t\t<\/div>\n\t\t\t\t<\/div>\n\t\t\t\t<\/div>\n\t\t<div class=\"elementor-element elementor-element-c5a3b3b e-con-full e-flex wpr-particle-no wpr-jarallax-no wpr-parallax-no wpr-sticky-section-no wpr-equal-height-no e-con e-child\" data-id=\"c5a3b3b\" data-element_type=\"container\" data-e-type=\"container\">\n\t\t\t\t<div class=\"elementor-element elementor-element-1778940 elementor-widget-divider--view-line_text elementor-widget-divider--element-align-center exad-sticky-section-no exad-glass-effect-no elementor-widget elementor-widget-divider\" data-id=\"1778940\" data-element_type=\"widget\" data-e-type=\"widget\" data-widget_type=\"divider.default\">\n\t\t\t\t<div class=\"elementor-widget-container\">\n\t\t\t\t\t\t\t<div class=\"elementor-divider\">\n\t\t\t<span class=\"elementor-divider-separator\">\n\t\t\t\t\t\t\t<span class=\"elementor-divider__text elementor-divider__element\">\n\t\t\t\tPORTUGAL\t\t\t\t<\/span>\n\t\t\t\t\t\t<\/span>\n\t\t<\/div>\n\t\t\t\t\t\t<\/div>\n\t\t\t\t<\/div>\n\t\t\t\t<\/div>\n\t\t<div class=\"elementor-element elementor-element-fa9e7e1 e-con-full e-flex wpr-particle-no wpr-jarallax-no wpr-parallax-no wpr-sticky-section-no wpr-equal-height-no e-con e-child\" data-id=\"fa9e7e1\" data-element_type=\"container\" data-e-type=\"container\">\n\t\t\t\t<div class=\"elementor-element elementor-element-011ae96 exad-sticky-section-no exad-glass-effect-no elementor-widget elementor-widget-image-box\" data-id=\"011ae96\" data-element_type=\"widget\" data-e-type=\"widget\" data-widget_type=\"image-box.default\">\n\t\t\t\t<div class=\"elementor-widget-container\">\n\t\t\t\t\t<div class=\"elementor-image-box-wrapper\"><div class=\"elementor-image-box-content\"><h3 class=\"elementor-image-box-title\"><a href=\"https:\/\/www.ccdrc.pt\/pt\/\" target=\"_blank\">CCDRC - Comiss\u00e3o de Coordena\u00e7\u00e3o e Desenvolvimento Regional do Centro <\/a><\/h3><p class=\"elementor-image-box-description\">The Commission for Coordination and Regional Development of the Center is an autonomous public institute responsible for defining and implementing regional development strategies in Portugal's Center Region, as well as coordinating public policies in key areas such as environment, economy, culture, and land use planning. Additionally, it manages cohesion policy and regional programs.\n<\/p><\/div><\/div>\t\t\t\t<\/div>\n\t\t\t\t<\/div>\n\t\t\t\t<\/div>\n\t\t<div class=\"elementor-element elementor-element-b326816 e-con-full e-flex wpr-particle-no wpr-jarallax-no wpr-parallax-no wpr-sticky-section-no wpr-equal-height-no e-con e-child\" data-id=\"b326816\" data-element_type=\"container\" data-e-type=\"container\">\n\t\t\t\t<div class=\"elementor-element elementor-element-9d4701f exad-sticky-section-no exad-glass-effect-no elementor-widget elementor-widget-image-box\" data-id=\"9d4701f\" data-element_type=\"widget\" data-e-type=\"widget\" data-widget_type=\"image-box.default\">\n\t\t\t\t<div class=\"elementor-widget-container\">\n\t\t\t\t\t<div class=\"elementor-image-box-wrapper\"><div class=\"elementor-image-box-content\"><h3 class=\"elementor-image-box-title\"><a href=\"https:\/\/aldeiashistoricasdeportugal.com\/\" target=\"_blank\">Aldeias Hist\u00f3ricas de Portugal<\/a><\/h3><p class=\"elementor-image-box-description\">The Historical Villages of Portugal is a private, non-profit tourism development association that forms a network of twelve localities in the central interior of the country.<\/p><\/div><\/div>\t\t\t\t<\/div>\n\t\t\t\t<\/div>\n\t\t\t\t<\/div>\n\t\t<div class=\"elementor-element elementor-element-f7ff5a1 e-con-full e-flex wpr-particle-no wpr-jarallax-no wpr-parallax-no wpr-sticky-section-no wpr-equal-height-no e-con e-child\" data-id=\"f7ff5a1\" data-element_type=\"container\" data-e-type=\"container\">\n\t\t\t\t<div class=\"elementor-element elementor-element-339d72f exad-sticky-section-no exad-glass-effect-no elementor-widget elementor-widget-image-box\" data-id=\"339d72f\" data-element_type=\"widget\" data-e-type=\"widget\" data-widget_type=\"image-box.default\">\n\t\t\t\t<div class=\"elementor-widget-container\">\n\t\t\t\t\t<div class=\"elementor-image-box-wrapper\"><div class=\"elementor-image-box-content\"><h3 class=\"elementor-image-box-title\"><a href=\"https:\/\/cimbse.pt\/\" target=\"_blank\">CIMBSE - Comunidade Intermunicipal Beiras e Serra da Estrela<\/a><\/h3><p class=\"elementor-image-box-description\">The Intermunicipal Community of Beiras and Serra da Estrela is a public associative entity that brings together 15 Portuguese municipalities to promote common interests, territorial cohesion, and sustainable development in the region. Its mission is to optimize regional management, foster synergies, and improve quality of life through economic, social, and collective development.\n<\/p><\/div><\/div>\t\t\t\t<\/div>\n\t\t\t\t<\/div>\n\t\t\t\t<\/div>\n\t\t<div class=\"elementor-element elementor-element-86f06c2 e-con-full e-flex wpr-particle-no wpr-jarallax-no wpr-parallax-no wpr-sticky-section-no wpr-equal-height-no e-con e-child\" data-id=\"86f06c2\" data-element_type=\"container\" data-e-type=\"container\">\n\t\t\t\t<div class=\"elementor-element elementor-element-d9b7220 elementor-widget-divider--view-line_text elementor-widget-divider--element-align-center exad-sticky-section-no exad-glass-effect-no elementor-widget elementor-widget-divider\" data-id=\"d9b7220\" data-element_type=\"widget\" data-e-type=\"widget\" data-widget_type=\"divider.default\">\n\t\t\t\t<div class=\"elementor-widget-container\">\n\t\t\t\t\t\t\t<div class=\"elementor-divider\">\n\t\t\t<span class=\"elementor-divider-separator\">\n\t\t\t\t\t\t\t<span class=\"elementor-divider__text elementor-divider__element\">\n\t\t\t\tSPAIN\t\t\t\t<\/span>\n\t\t\t\t\t\t<\/span>\n\t\t<\/div>\n\t\t\t\t\t\t<\/div>\n\t\t\t\t<\/div>\n\t\t\t\t<\/div>\n\t\t<div class=\"elementor-element elementor-element-cebc886 e-con-full e-flex wpr-particle-no wpr-jarallax-no wpr-parallax-no wpr-sticky-section-no wpr-equal-height-no e-con e-child\" data-id=\"cebc886\" data-element_type=\"container\" data-e-type=\"container\">\n\t\t\t\t<div class=\"elementor-element elementor-element-3b09c8a exad-sticky-section-no exad-glass-effect-no elementor-widget elementor-widget-image-box\" data-id=\"3b09c8a\" data-element_type=\"widget\" data-e-type=\"widget\" data-widget_type=\"image-box.default\">\n\t\t\t\t<div class=\"elementor-widget-container\">\n\t\t\t\t\t<div class=\"elementor-image-box-wrapper\"><div class=\"elementor-image-box-content\"><h3 class=\"elementor-image-box-title\"><a href=\"https:\/\/www.campusiberus.es\/\" target=\"_blank\">Consorcio Campus Iberus - Campus of International Excellence of the Ebro Valley<\/a><\/h3><p class=\"elementor-image-box-description\">Campus Iberus is an international excellence consortium comprised of the universities of Zaragoza, La Rioja, Lleida, and the Public University of Navarre. Its main goal is to foster collaboration in research, teaching, and innovation among these public institutions, promoting the economic, social, and cultural development of the Ebro Valley, a strategically significant Spanish region bordering France.<\/p><\/div><\/div>\t\t\t\t<\/div>\n\t\t\t\t<\/div>\n\t\t\t\t<\/div>\n\t\t<div class=\"elementor-element elementor-element-cbdd4bf e-con-full e-flex wpr-particle-no wpr-jarallax-no wpr-parallax-no wpr-sticky-section-no wpr-equal-height-no e-con e-child\" data-id=\"cbdd4bf\" data-element_type=\"container\" data-e-type=\"container\">\n\t\t\t\t<div class=\"elementor-element elementor-element-200ed68 exad-sticky-section-no exad-glass-effect-no elementor-widget elementor-widget-image-box\" data-id=\"200ed68\" data-element_type=\"widget\" data-e-type=\"widget\" data-widget_type=\"image-box.default\">\n\t\t\t\t<div class=\"elementor-widget-container\">\n\t\t\t\t\t<div class=\"elementor-image-box-wrapper\"><div class=\"elementor-image-box-content\"><h3 class=\"elementor-image-box-title\"><a href=\"https:\/\/acpua.aragon.es\/\" target=\"_blank\">ACPUA - Agencia de Calidad y Prospectiva Universitaria de Arag\u00f3n<\/a><\/h3><p class=\"elementor-image-box-description\">The Agency for University Quality and Prospective of Aragon is the official higher education evaluation agency of the Autonomous Community of Aragon (Spain). Its mission is to promote the quality of the Aragon University System by fostering its connection with the business and labor sectors, as well as with society as a whole.<\/p><\/div><\/div>\t\t\t\t<\/div>\n\t\t\t\t<\/div>\n\t\t\t\t<\/div>\n\t\t<div class=\"elementor-element elementor-element-fc3999c e-con-full e-flex wpr-particle-no wpr-jarallax-no wpr-parallax-no wpr-sticky-section-no wpr-equal-height-no e-con e-child\" data-id=\"fc3999c\" data-element_type=\"container\" data-e-type=\"container\">\n\t\t\t\t<div class=\"elementor-element elementor-element-7997f35 exad-sticky-section-no exad-glass-effect-no elementor-widget elementor-widget-image-box\" data-id=\"7997f35\" data-element_type=\"widget\" data-e-type=\"widget\" data-widget_type=\"image-box.default\">\n\t\t\t\t<div class=\"elementor-widget-container\">\n\t\t\t\t\t<div class=\"elementor-image-box-wrapper\"><div class=\"elementor-image-box-content\"><h3 class=\"elementor-image-box-title\"><a href=\"https:\/\/www.crue.org\/\" target=\"_blank\">CRUE \u2013 Conferencia de Rectores de Universidades Espa\u00f1olas<\/a><\/h3><p class=\"elementor-image-box-description\">The Conference of Rectors of Spanish Universities (CRUE) is a non-profit association founded in 1994. It is currently composed of 77 Spanish universities, of which 50 are public and 27 are private.\nCRUE represents all the Spanish universities that are members of the association, promoting cooperation among them and with public administrations, as well as fostering relationships with foreign universities and social stakeholders.\n<\/p><\/div><\/div>\t\t\t\t<\/div>\n\t\t\t\t<\/div>\n\t\t\t\t<\/div>\n\t\t<div class=\"elementor-element elementor-element-5d7b1bf e-con-full e-flex wpr-particle-no wpr-jarallax-no wpr-parallax-no wpr-sticky-section-no wpr-equal-height-no e-con e-child\" data-id=\"5d7b1bf\" data-element_type=\"container\" data-e-type=\"container\">\n\t\t\t\t<div class=\"elementor-element elementor-element-a36c65d exad-sticky-section-no exad-glass-effect-no elementor-widget elementor-widget-image-box\" data-id=\"a36c65d\" data-element_type=\"widget\" data-e-type=\"widget\" data-widget_type=\"image-box.default\">\n\t\t\t\t<div class=\"elementor-widget-container\">\n\t\t\t\t\t<div class=\"elementor-image-box-wrapper\"><div class=\"elementor-image-box-content\"><h3 class=\"elementor-image-box-title\"><a href=\"https:\/\/www.uni-g9.net\/index\" target=\"_blank\">G9 Universidades<\/a><\/h3><p class=\"elementor-image-box-description\">The Group of 9 Universities (G9) is a non-profit association made up of Spanish public universities that are the sole public universities in their respective Autonomous Communities.\n<\/p><\/div><\/div>\t\t\t\t<\/div>\n\t\t\t\t<\/div>\n\t\t\t\t<\/div>\n\t\t<div class=\"elementor-element elementor-element-f8ca632 e-con-full e-flex wpr-particle-no wpr-jarallax-no wpr-parallax-no wpr-sticky-section-no wpr-equal-height-no e-con e-child\" data-id=\"f8ca632\" data-element_type=\"container\" data-e-type=\"container\">\n\t\t\t\t<div class=\"elementor-element elementor-element-e94c119 exad-sticky-section-no exad-glass-effect-no elementor-widget elementor-widget-image-box\" data-id=\"e94c119\" data-element_type=\"widget\" data-e-type=\"widget\" data-widget_type=\"image-box.default\">\n\t\t\t\t<div class=\"elementor-widget-container\">\n\t\t\t\t\t<div class=\"elementor-image-box-wrapper\"><div class=\"elementor-image-box-content\"><h3 class=\"elementor-image-box-title\"><a href=\"https:\/\/www.navarra.es\/es\/gobierno-de-navarra\/departamento-de-universidad-innovacion-y-transformacion-digital\" target=\"_blank\">Departamento de Universidad, Innovaci\u00f3n y Transformaci\u00f3n Digital del Gobierno de Navarra<\/a><\/h3><p class=\"elementor-image-box-description\">The Department of University, Innovation, and Digital Transformation of the Government of Navarre is the entity in charge of designing and implementing public policies in higher education, research, technological innovation, and digitalization in Navarre.<\/p><\/div><\/div>\t\t\t\t<\/div>\n\t\t\t\t<\/div>\n\t\t\t\t<\/div>\n\t\t<div class=\"elementor-element elementor-element-57a43b7 e-con-full e-flex wpr-particle-no wpr-jarallax-no wpr-parallax-no wpr-sticky-section-no wpr-equal-height-no e-con e-child\" data-id=\"57a43b7\" data-element_type=\"container\" data-e-type=\"container\">\n\t\t\t\t<div class=\"elementor-element elementor-element-6ed6525 exad-sticky-section-no exad-glass-effect-no elementor-widget elementor-widget-image-box\" data-id=\"6ed6525\" data-element_type=\"widget\" data-e-type=\"widget\" data-widget_type=\"image-box.default\">\n\t\t\t\t<div class=\"elementor-widget-container\">\n\t\t\t\t\t<div class=\"elementor-image-box-wrapper\"><div class=\"elementor-image-box-content\"><h3 class=\"elementor-image-box-title\"><a href=\"https:\/\/www.euroregion-naen.eu\/en\/\" target=\"_blank\">EGTC Euroregion Nouvelle-Aquitaine Euskadi Navarra<\/a><\/h3><p class=\"elementor-image-box-description\">The New Aquitaine-Euskadi-Navarra Euroregion is a European Grouping of Territorial Cooperation aimed at promoting the economic, social, and cultural development of the cross-border and Euroregional territory, while also encouraging exchanges within it.<\/p><\/div><\/div>\t\t\t\t<\/div>\n\t\t\t\t<\/div>\n\t\t\t\t<\/div>\n\t\t<div class=\"elementor-element elementor-element-478238b e-con-full e-flex wpr-particle-no wpr-jarallax-no wpr-parallax-no wpr-sticky-section-no wpr-equal-height-no e-con e-child\" data-id=\"478238b\" data-element_type=\"container\" data-e-type=\"container\">\n\t\t\t\t<div class=\"elementor-element elementor-element-efc4d61 exad-sticky-section-no exad-glass-effect-no elementor-widget elementor-widget-image-box\" data-id=\"efc4d61\" data-element_type=\"widget\" data-e-type=\"widget\" data-widget_type=\"image-box.default\">\n\t\t\t\t<div class=\"elementor-widget-container\">\n\t\t\t\t\t<div class=\"elementor-image-box-wrapper\"><div class=\"elementor-image-box-content\"><h3 class=\"elementor-image-box-title\"><a href=\"https:\/\/www.aragon.es\/\" target=\"_blank\">Gobierno de Arag\u00f3n<\/a><\/h3><p class=\"elementor-image-box-description\">The Government of Aragon is the institution that holds executive power in the Autonomous Community of Aragon, and is responsible for managing regional competencies in areas such as education, healthcare, economy, environment, and culture.<\/p><\/div><\/div>\t\t\t\t<\/div>\n\t\t\t\t<\/div>\n\t\t\t\t<\/div>\n\t\t<div class=\"elementor-element elementor-element-10294fc e-con-full e-flex wpr-particle-no wpr-jarallax-no wpr-parallax-no wpr-sticky-section-no wpr-equal-height-no e-con e-child\" data-id=\"10294fc\" data-element_type=\"container\" data-e-type=\"container\">\n\t\t\t\t<div class=\"elementor-element elementor-element-67e768e exad-sticky-section-no exad-glass-effect-no elementor-widget elementor-widget-image-box\" data-id=\"67e768e\" data-element_type=\"widget\" data-e-type=\"widget\" data-widget_type=\"image-box.default\">\n\t\t\t\t<div class=\"elementor-widget-container\">\n\t\t\t\t\t<div class=\"elementor-image-box-wrapper\"><div class=\"elementor-image-box-content\"><h3 class=\"elementor-image-box-title\"><a href=\"https:\/\/aplicaciones.aragon.es\/organigrama-gobierno-aragon\/Organismo1Servlet?idEntidad=4040\" target=\"_blank\">Departamento de Empleo, Ciencia y Universidades del Gobierno de Arag\u00f3n<\/a><\/h3><p class=\"elementor-image-box-description\">The Department of Employment, Science and Universities of the Government of Aragon promotes policies on employment, scientific development and higher education in the region, fostering research, university training and job placement. It acts as a coordinating and regulatory body to ensure quality, innovation and equal opportunities in the fields of work, science and higher education.<\/p><\/div><\/div>\t\t\t\t<\/div>\n\t\t\t\t<\/div>\n\t\t\t\t<\/div>\n\t\t<div class=\"elementor-element elementor-element-2cbfdd4 e-con-full e-flex wpr-particle-no wpr-jarallax-no wpr-parallax-no wpr-sticky-section-no wpr-equal-height-no e-con e-child\" data-id=\"2cbfdd4\" data-element_type=\"container\" data-e-type=\"container\">\n\t\t\t\t<div class=\"elementor-element elementor-element-5fd4ef4 exad-sticky-section-no exad-glass-effect-no elementor-widget elementor-widget-image-box\" data-id=\"5fd4ef4\" data-element_type=\"widget\" data-e-type=\"widget\" data-widget_type=\"image-box.default\">\n\t\t\t\t<div class=\"elementor-widget-container\">\n\t\t\t\t\t<div class=\"elementor-image-box-wrapper\"><div class=\"elementor-image-box-content\"><h3 class=\"elementor-image-box-title\"><a href=\"https:\/\/www.aragon.es\/organismos\/departamento-de-empleo-ciencia-y-universidades\" target=\"_blank\">Direcci\u00f3n General de Universidades del Departamento de Empleo, Ciencia y Universidades del Gobierno de Arag\u00f3n<\/a><\/h3><p class=\"elementor-image-box-description\">The Directorate General for Universities of the Department of Employment, Science, and Universities of the Government of Aragon is the body responsible for planning, coordinating, and overseeing policies related to university education in the autonomous community.<\/p><\/div><\/div>\t\t\t\t<\/div>\n\t\t\t\t<\/div>\n\t\t\t\t<\/div>\n\t\t<div class=\"elementor-element elementor-element-cc644a5 e-con-full e-flex wpr-particle-no wpr-jarallax-no wpr-parallax-no wpr-sticky-section-no wpr-equal-height-no e-con e-child\" data-id=\"cc644a5\" data-element_type=\"container\" data-e-type=\"container\">\n\t\t\t\t<div class=\"elementor-element elementor-element-cc71c8f exad-sticky-section-no exad-glass-effect-no elementor-widget elementor-widget-image-box\" data-id=\"cc71c8f\" data-element_type=\"widget\" data-e-type=\"widget\" data-widget_type=\"image-box.default\">\n\t\t\t\t<div class=\"elementor-widget-container\">\n\t\t\t\t\t<div class=\"elementor-image-box-wrapper\"><div class=\"elementor-image-box-content\"><h3 class=\"elementor-image-box-title\"><a href=\"http:\/\/www.dpz.es\/\" target=\"_blank\">Diputaci\u00f3n Provincial de Zaragoza<\/a><\/h3><p class=\"elementor-image-box-description\">The Provincial Council of Zaragoza is the local government institution that provides services and support to the municipalities of the province of Zaragoza, especially the smaller ones, to promote their economic, social, and cultural development. It also manages supra-municipal responsibilities, fostering cooperation between municipalities and territorial balance.<\/p><\/div><\/div>\t\t\t\t<\/div>\n\t\t\t\t<\/div>\n\t\t\t\t<\/div>\n\t\t<div class=\"elementor-element elementor-element-62f1997 e-con-full e-flex wpr-particle-no wpr-jarallax-no wpr-parallax-no wpr-sticky-section-no wpr-equal-height-no e-con e-child\" data-id=\"62f1997\" data-element_type=\"container\" data-e-type=\"container\">\n\t\t\t\t<div class=\"elementor-element elementor-element-1ade2c6 exad-sticky-section-no exad-glass-effect-no elementor-widget elementor-widget-image-box\" data-id=\"1ade2c6\" data-element_type=\"widget\" data-e-type=\"widget\" data-widget_type=\"image-box.default\">\n\t\t\t\t<div class=\"elementor-widget-container\">\n\t\t\t\t\t<div class=\"elementor-image-box-wrapper\"><div class=\"elementor-image-box-content\"><h3 class=\"elementor-image-box-title\"><a href=\"https:\/\/www.zaragoza.es\/ciudad\/ayto\/\" target=\"_blank\">Ayuntamiento de Zaragoza<\/a><\/h3><p class=\"elementor-image-box-description\">The Zaragoza City Council is the governing institution of the municipality of Zaragoza, the capital of Aragon. Responsible for local administration, it manages public services, urban planning, security, and promotes the city's economic and cultural development.<\/p><\/div><\/div>\t\t\t\t<\/div>\n\t\t\t\t<\/div>\n\t\t\t\t<\/div>\n\t\t<div class=\"elementor-element elementor-element-460a6e2 e-con-full e-flex wpr-particle-no wpr-jarallax-no wpr-parallax-no wpr-sticky-section-no wpr-equal-height-no e-con e-child\" data-id=\"460a6e2\" data-element_type=\"container\" data-e-type=\"container\">\n\t\t\t\t<div class=\"elementor-element elementor-element-fb4b7fd exad-sticky-section-no exad-glass-effect-no elementor-widget elementor-widget-image-box\" data-id=\"fb4b7fd\" data-element_type=\"widget\" data-e-type=\"widget\" data-widget_type=\"image-box.default\">\n\t\t\t\t<div class=\"elementor-widget-container\">\n\t\t\t\t\t<div class=\"elementor-image-box-wrapper\"><div class=\"elementor-image-box-content\"><h3 class=\"elementor-image-box-title\"><a href=\"https:\/\/www.dphuesca.es\/\" target=\"_blank\">Diputaci\u00f3n Provincial de Huesca<\/a><\/h3><p class=\"elementor-image-box-description\">The Provincial Council of Huesca is the local government institution that provides services and support to the municipalities of the province of Huesca, especially the smaller ones, to promote their economic, social, and cultural development. It also manages supra-municipal responsibilities, fostering cooperation between municipalities and territorial balance.<\/p><\/div><\/div>\t\t\t\t<\/div>\n\t\t\t\t<\/div>\n\t\t\t\t<\/div>\n\t\t<div class=\"elementor-element elementor-element-b294e08 e-con-full e-flex wpr-particle-no wpr-jarallax-no wpr-parallax-no wpr-sticky-section-no wpr-equal-height-no e-con e-child\" data-id=\"b294e08\" data-element_type=\"container\" data-e-type=\"container\">\n\t\t\t\t<div class=\"elementor-element elementor-element-588012f exad-sticky-section-no exad-glass-effect-no elementor-widget elementor-widget-image-box\" data-id=\"588012f\" data-element_type=\"widget\" data-e-type=\"widget\" data-widget_type=\"image-box.default\">\n\t\t\t\t<div class=\"elementor-widget-container\">\n\t\t\t\t\t<div class=\"elementor-image-box-wrapper\"><div class=\"elementor-image-box-content\"><h3 class=\"elementor-image-box-title\"><a href=\"https:\/\/www.huesca.es\/inicio\" target=\"_blank\">Ayuntamiento de Huesca<\/a><\/h3><p class=\"elementor-image-box-description\">The Huesca City Council is the governing institution of the municipality of Huesca, the capital of Aragon. Responsible for local administration, it manages public services, urban planning, security, and promotes the city's economic and cultural development.<\/p><\/div><\/div>\t\t\t\t<\/div>\n\t\t\t\t<\/div>\n\t\t\t\t<\/div>\n\t\t<div class=\"elementor-element elementor-element-5c04732 e-con-full e-flex wpr-particle-no wpr-jarallax-no wpr-parallax-no wpr-sticky-section-no wpr-equal-height-no e-con e-child\" data-id=\"5c04732\" data-element_type=\"container\" data-e-type=\"container\">\n\t\t\t\t<div class=\"elementor-element elementor-element-87ff0fc exad-sticky-section-no exad-glass-effect-no elementor-widget elementor-widget-image-box\" data-id=\"87ff0fc\" data-element_type=\"widget\" data-e-type=\"widget\" data-widget_type=\"image-box.default\">\n\t\t\t\t<div class=\"elementor-widget-container\">\n\t\t\t\t\t<div class=\"elementor-image-box-wrapper\"><div class=\"elementor-image-box-content\"><h3 class=\"elementor-image-box-title\"><a href=\"https:\/\/www.dpteruel.es\/DPTweb\/\" target=\"_blank\">Diputaci\u00f3n Provincial de Teruel<\/a><\/h3><p class=\"elementor-image-box-description\">The Provincial Council of Teruel is the local government institution that provides services and support to the municipalities of the province of Huesca, especially the smaller ones, to promote their economic, social, and cultural development. It also manages supra-municipal responsibilities, fostering cooperation between municipalities and territorial balance.\n\n<\/p><\/div><\/div>\t\t\t\t<\/div>\n\t\t\t\t<\/div>\n\t\t\t\t<\/div>\n\t\t<div class=\"elementor-element elementor-element-569de96 e-con-full e-flex wpr-particle-no wpr-jarallax-no wpr-parallax-no wpr-sticky-section-no wpr-equal-height-no e-con e-child\" data-id=\"569de96\" data-element_type=\"container\" data-e-type=\"container\">\n\t\t\t\t<div class=\"elementor-element elementor-element-679b9fd exad-sticky-section-no exad-glass-effect-no elementor-widget elementor-widget-image-box\" data-id=\"679b9fd\" data-element_type=\"widget\" data-e-type=\"widget\" data-widget_type=\"image-box.default\">\n\t\t\t\t<div class=\"elementor-widget-container\">\n\t\t\t\t\t<div class=\"elementor-image-box-wrapper\"><div class=\"elementor-image-box-content\"><h3 class=\"elementor-image-box-title\"><a href=\"https:\/\/sede.teruel.es\/sta\/CarpetaPublic\/doEvent?APP_CODE=STA&#038;PAGE_CODE=PTS2_HOME\" target=\"_blank\">Ayuntamiento de Teruel<\/a><\/h3><p class=\"elementor-image-box-description\">The Teruel City Council is the governing institution of the municipality of Teruel, the capital of Aragon. Responsible for local administration, it manages public services, urban planning, security, and promotes the city's economic and cultural development.<\/p><\/div><\/div>\t\t\t\t<\/div>\n\t\t\t\t<\/div>\n\t\t\t\t<\/div>\n\t\t<div class=\"elementor-element elementor-element-d7ca5fc e-con-full e-flex wpr-particle-no wpr-jarallax-no wpr-parallax-no wpr-sticky-section-no wpr-equal-height-no e-con e-child\" data-id=\"d7ca5fc\" data-element_type=\"container\" data-e-type=\"container\">\n\t\t\t\t<div class=\"elementor-element elementor-element-3a426fd elementor-widget-divider--view-line_text elementor-widget-divider--element-align-center exad-sticky-section-no exad-glass-effect-no elementor-widget elementor-widget-divider\" data-id=\"3a426fd\" data-element_type=\"widget\" data-e-type=\"widget\" data-widget_type=\"divider.default\">\n\t\t\t\t<div class=\"elementor-widget-container\">\n\t\t\t\t\t\t\t<div class=\"elementor-divider\">\n\t\t\t<span class=\"elementor-divider-separator\">\n\t\t\t\t\t\t\t<span class=\"elementor-divider__text elementor-divider__element\">\n\t\t\t\tFRANCE\t\t\t\t<\/span>\n\t\t\t\t\t\t<\/span>\n\t\t<\/div>\n\t\t\t\t\t\t<\/div>\n\t\t\t\t<\/div>\n\t\t\t\t<\/div>\n\t\t<div class=\"elementor-element elementor-element-a474cc1 e-con-full e-flex wpr-particle-no wpr-jarallax-no wpr-parallax-no wpr-sticky-section-no wpr-equal-height-no e-con e-child\" data-id=\"a474cc1\" data-element_type=\"container\" data-e-type=\"container\">\n\t\t\t\t<div class=\"elementor-element elementor-element-427b6e2 exad-sticky-section-no exad-glass-effect-no elementor-widget elementor-widget-image-box\" data-id=\"427b6e2\" data-element_type=\"widget\" data-e-type=\"widget\" data-widget_type=\"image-box.default\">\n\t\t\t\t<div class=\"elementor-widget-container\">\n\t\t\t\t\t<div class=\"elementor-image-box-wrapper\"><div class=\"elementor-image-box-content\"><h3 class=\"elementor-image-box-title\"><a href=\"https:\/\/www.fondation-usmb.fr\/\" target=\"_blank\">Fondation USMB<\/a><\/h3><p class=\"elementor-image-box-description\">The Universit\u00e9 Savoie Mont Blanc Foundation (USMB) is an entity that fosters collaboration between the university, businesses, and the region, driving research, innovation, and development projects in areas such as sustainability, technology, and territorial cohesion.<\/p><\/div><\/div>\t\t\t\t<\/div>\n\t\t\t\t<\/div>\n\t\t\t\t<\/div>\n\t\t<div class=\"elementor-element elementor-element-46573a3 e-con-full e-flex wpr-particle-no wpr-jarallax-no wpr-parallax-no wpr-sticky-section-no wpr-equal-height-no e-con e-child\" data-id=\"46573a3\" data-element_type=\"container\" data-e-type=\"container\">\n\t\t\t\t<div class=\"elementor-element elementor-element-42f0cd8 exad-sticky-section-no exad-glass-effect-no elementor-widget elementor-widget-image-box\" data-id=\"42f0cd8\" data-element_type=\"widget\" data-e-type=\"widget\" data-widget_type=\"image-box.default\">\n\t\t\t\t<div class=\"elementor-widget-container\">\n\t\t\t\t\t<div class=\"elementor-image-box-wrapper\"><div class=\"elementor-image-box-content\"><h3 class=\"elementor-image-box-title\"><a href=\"https:\/\/pays-de-bearn.fr\/\" target=\"_blank\">P\u00f4le m\u00e9tropolitain Pays de B\u00e9arn<\/a><\/h3><p class=\"elementor-image-box-description\">The Pays de B\u00e9arn is a metropolitan cluster bringing together the eight inter-municipal areas of the B\u00e9arn region, the Montan\u00e9r\u00e8s association and the Pyr\u00e9n\u00e9es-Atlantiques department. At the start of the 21st century, it is rediscovering its age-old and historic perimeter, as well as its unity. It bears witness to one ambition: to imagine a shared future for a high-performance B\u00e9arn.<\/p><\/div><\/div>\t\t\t\t<\/div>\n\t\t\t\t<\/div>\n\t\t\t\t<\/div>\n\t\t<div class=\"elementor-element elementor-element-35cd8ff e-con-full e-flex wpr-particle-no wpr-jarallax-no wpr-parallax-no wpr-sticky-section-no wpr-equal-height-no e-con e-child\" data-id=\"35cd8ff\" data-element_type=\"container\" data-e-type=\"container\">\n\t\t\t\t<div class=\"elementor-element elementor-element-e160dd1 exad-sticky-section-no exad-glass-effect-no elementor-widget elementor-widget-image-box\" data-id=\"e160dd1\" data-element_type=\"widget\" data-e-type=\"widget\" data-widget_type=\"image-box.default\">\n\t\t\t\t<div class=\"elementor-widget-container\">\n\t\t\t\t\t<div class=\"elementor-image-box-wrapper\"><div class=\"elementor-image-box-content\"><h3 class=\"elementor-image-box-title\"><a href=\"https:\/\/hautesavoie.fr\/\" target=\"_blank\">Conseil D\u00e9partemental de la Haute-Savoie (CD74)<\/a><\/h3><p class=\"elementor-image-box-description\">The Departmental Council of Haute-Savoie is the deliberative assembly of the French department of Haute-Savoie, responsible for local administration and the implementation of public policies in areas such as social action, territorial development, culture, education, transport, and the environment. Its headquarters are located in Annecy.<\/p><\/div><\/div>\t\t\t\t<\/div>\n\t\t\t\t<\/div>\n\t\t\t\t<\/div>\n\t\t<div class=\"elementor-element elementor-element-b7ab241 e-con-full e-flex wpr-particle-no wpr-jarallax-no wpr-parallax-no wpr-sticky-section-no wpr-equal-height-no e-con e-child\" data-id=\"b7ab241\" data-element_type=\"container\" data-e-type=\"container\">\n\t\t\t\t<div class=\"elementor-element elementor-element-e4ab1df exad-sticky-section-no exad-glass-effect-no elementor-widget elementor-widget-image-box\" data-id=\"e4ab1df\" data-element_type=\"widget\" data-e-type=\"widget\" data-widget_type=\"image-box.default\">\n\t\t\t\t<div class=\"elementor-widget-container\">\n\t\t\t\t\t<div class=\"elementor-image-box-wrapper\"><div class=\"elementor-image-box-content\"><h3 class=\"elementor-image-box-title\"><a href=\"https:\/\/www.savoie.fr\/web\/psw_37497\/le-conseil-departemental\" target=\"_blank\">Conseil D\u00e9partemental de la Savoie (CD73)<\/a><\/h3><p class=\"elementor-image-box-description\">The Departmental Council of Savoie is the deliberative assembly of the French department of Savoie, responsible for local administration and the implementation of public policies in areas such as education, infrastructure, and social services. Its headquarters are located in Chamb\u00e9ry.<\/p><\/div><\/div>\t\t\t\t<\/div>\n\t\t\t\t<\/div>\n\t\t\t\t<\/div>\n\t\t<div class=\"elementor-element elementor-element-09175ea e-con-full e-flex wpr-particle-no wpr-jarallax-no wpr-parallax-no wpr-sticky-section-no wpr-equal-height-no e-con e-child\" data-id=\"09175ea\" data-element_type=\"container\" data-e-type=\"container\">\n\t\t\t\t<div class=\"elementor-element elementor-element-764c030 exad-sticky-section-no exad-glass-effect-no elementor-widget elementor-widget-image-box\" data-id=\"764c030\" data-element_type=\"widget\" data-e-type=\"widget\" data-widget_type=\"image-box.default\">\n\t\t\t\t<div class=\"elementor-widget-container\">\n\t\t\t\t\t<div class=\"elementor-image-box-wrapper\"><div class=\"elementor-image-box-content\"><h3 class=\"elementor-image-box-title\"><a href=\"https:\/\/www.hautespyrenees.fr\/\" target=\"_blank\">Conseil D\u00e9partemental des Hautes-Pyr\u00e9n\u00e9es<\/a><\/h3><p class=\"elementor-image-box-description\">The Departmental Council of Hautes-Pyr\u00e9n\u00e9es is the deliberative assembly of the French department of Hautes-Pyr\u00e9n\u00e9es, responsible for local administration and the implementation of public policies in areas such as social action, territorial development, culture, education, transportation, and the environment. Its headquarters are located in Tarbes.<\/p><\/div><\/div>\t\t\t\t<\/div>\n\t\t\t\t<\/div>\n\t\t\t\t<\/div>\n\t\t<div class=\"elementor-element elementor-element-36f524f e-con-full e-flex wpr-particle-no wpr-jarallax-no wpr-parallax-no wpr-sticky-section-no wpr-equal-height-no e-con e-child\" data-id=\"36f524f\" data-element_type=\"container\" data-e-type=\"container\">\n\t\t\t\t<div class=\"elementor-element elementor-element-ead5676 exad-sticky-section-no exad-glass-effect-no elementor-widget elementor-widget-image-box\" data-id=\"ead5676\" data-element_type=\"widget\" data-e-type=\"widget\" data-widget_type=\"image-box.default\">\n\t\t\t\t<div class=\"elementor-widget-container\">\n\t\t\t\t\t<div class=\"elementor-image-box-wrapper\"><div class=\"elementor-image-box-content\"><h3 class=\"elementor-image-box-title\"><a href=\"https:\/\/www.le64.fr\/\" target=\"_blank\">Conseil D\u00e9partemental des Pyr\u00e9n\u00e9es Atlantiques 64<\/a><\/h3><p class=\"elementor-image-box-description\">The Departmental Council 64, officially known as the Departmental Council of the Pyr\u00e9n\u00e9es-Atlantiques, is the deliberative assembly of the French department of Pyr\u00e9n\u00e9es-Atlantiques. Its headquarters are located in Pau.<\/p><\/div><\/div>\t\t\t\t<\/div>\n\t\t\t\t<\/div>\n\t\t\t\t<\/div>\n\t\t<div class=\"elementor-element elementor-element-d4eceb0 e-con-full e-flex wpr-particle-no wpr-jarallax-no wpr-parallax-no wpr-sticky-section-no wpr-equal-height-no e-con e-child\" data-id=\"d4eceb0\" data-element_type=\"container\" data-e-type=\"container\">\n\t\t\t\t<div class=\"elementor-element elementor-element-d64ebf8 elementor-widget-divider--view-line_text elementor-widget-divider--element-align-center exad-sticky-section-no exad-glass-effect-no elementor-widget elementor-widget-divider\" data-id=\"d64ebf8\" data-element_type=\"widget\" data-e-type=\"widget\" data-widget_type=\"divider.default\">\n\t\t\t\t<div class=\"elementor-widget-container\">\n\t\t\t\t\t\t\t<div class=\"elementor-divider\">\n\t\t\t<span class=\"elementor-divider-separator\">\n\t\t\t\t\t\t\t<span class=\"elementor-divider__text elementor-divider__element\">\n\t\t\t\tITALY\t\t\t\t<\/span>\n\t\t\t\t\t\t<\/span>\n\t\t<\/div>\n\t\t\t\t\t\t<\/div>\n\t\t\t\t<\/div>\n\t\t\t\t<\/div>\n\t\t<div class=\"elementor-element elementor-element-e2ea3fd e-con-full e-flex wpr-particle-no wpr-jarallax-no wpr-parallax-no wpr-sticky-section-no wpr-equal-height-no e-con e-child\" data-id=\"e2ea3fd\" data-element_type=\"container\" data-e-type=\"container\">\n\t\t\t\t<div class=\"elementor-element elementor-element-a684aba exad-sticky-section-no exad-glass-effect-no elementor-widget elementor-widget-image-box\" data-id=\"a684aba\" data-element_type=\"widget\" data-e-type=\"widget\" data-widget_type=\"image-box.default\">\n\t\t\t\t<div class=\"elementor-widget-container\">\n\t\t\t\t\t<div class=\"elementor-image-box-wrapper\"><div class=\"elementor-image-box-content\"><h3 class=\"elementor-image-box-title\"><a href=\"https:\/\/www.cr.piemonte.it\/cms\/\" target=\"_blank\">Consiglio Regionale del Piemonte<\/a><\/h3><p class=\"elementor-image-box-description\">The Regional Council of Piedmont is the legislative assembly of the Piedmont Region in Italy, composed of 50 councilors and the President of the Regional Board. Its main role is to discuss, draft, and approve regional laws, directly representing the citizens of Piedmont.<\/p><\/div><\/div>\t\t\t\t<\/div>\n\t\t\t\t<\/div>\n\t\t\t\t<\/div>\n\t\t<div class=\"elementor-element elementor-element-cce7638 e-con-full e-flex wpr-particle-no wpr-jarallax-no wpr-parallax-no wpr-sticky-section-no wpr-equal-height-no e-con e-child\" data-id=\"cce7638\" data-element_type=\"container\" data-e-type=\"container\">\n\t\t\t\t<div class=\"elementor-element elementor-element-3447f38 exad-sticky-section-no exad-glass-effect-no elementor-widget elementor-widget-image-box\" data-id=\"3447f38\" data-element_type=\"widget\" data-e-type=\"widget\" data-widget_type=\"image-box.default\">\n\t\t\t\t<div class=\"elementor-widget-container\">\n\t\t\t\t\t<div class=\"elementor-image-box-wrapper\"><div class=\"elementor-image-box-content\"><h3 class=\"elementor-image-box-title\"><a href=\"https:\/\/www.regione.piemonte.it\/web\/\" target=\"_blank\">Regione Piemonte<\/a><\/h3><p class=\"elementor-image-box-description\">The Government of the Piedmont Region is the executive authority of this northwestern Italian region, headquartered in Turin. It is responsible for implementing regional public policies, coordinating with municipalities, and managing the resources allocated to the region.<\/p><\/div><\/div>\t\t\t\t<\/div>\n\t\t\t\t<\/div>\n\t\t\t\t<\/div>\n\t\t<div class=\"elementor-element elementor-element-e800316 e-con-full e-flex wpr-particle-no wpr-jarallax-no wpr-parallax-no wpr-sticky-section-no wpr-equal-height-no e-con e-child\" data-id=\"e800316\" data-element_type=\"container\" data-e-type=\"container\">\n\t\t\t\t<div class=\"elementor-element elementor-element-a032844 exad-sticky-section-no exad-glass-effect-no elementor-widget elementor-widget-image-box\" data-id=\"a032844\" data-element_type=\"widget\" data-e-type=\"widget\" data-widget_type=\"image-box.default\">\n\t\t\t\t<div class=\"elementor-widget-container\">\n\t\t\t\t\t<div class=\"elementor-image-box-wrapper\"><div class=\"elementor-image-box-content\"><h3 class=\"elementor-image-box-title\"><a href=\"http:\/\/www.comune.torino.it\/\" target=\"_blank\">Comune di Torino<\/a><\/h3><p class=\"elementor-image-box-description\">The Municipality of Turin is the municipal government of Turin, the capital of the Piedmont region, responsible for the administration of the city, including the management of public services, urban planning, transportation, culture, education, and social and economic development.<\/p><\/div><\/div>\t\t\t\t<\/div>\n\t\t\t\t<\/div>\n\t\t\t\t<\/div>\n\t\t<div class=\"elementor-element elementor-element-4714890 e-con-full e-flex wpr-particle-no wpr-jarallax-no wpr-parallax-no wpr-sticky-section-no wpr-equal-height-no e-con e-child\" data-id=\"4714890\" data-element_type=\"container\" data-e-type=\"container\">\n\t\t\t\t<div class=\"elementor-element elementor-element-fb8f400 exad-sticky-section-no exad-glass-effect-no elementor-widget elementor-widget-image-box\" data-id=\"fb8f400\" data-element_type=\"widget\" data-e-type=\"widget\" data-widget_type=\"image-box.default\">\n\t\t\t\t<div class=\"elementor-widget-container\">\n\t\t\t\t\t<div class=\"elementor-image-box-wrapper\"><div class=\"elementor-image-box-content\"><h3 class=\"elementor-image-box-title\"><a href=\"https:\/\/www.comune.cuneo.it\/la-citta\/presentazione.html\" target=\"_blank\">Comune di Cuneo<\/a><\/h3><p class=\"elementor-image-box-description\">The Municipality of Cuneo is the municipal government of Cuneo, a city in the Piedmont region. The municipal administration is responsible for managing public services, urban planning, transportation, culture, education, and the socio-economic development of the city.<\/p><\/div><\/div>\t\t\t\t<\/div>\n\t\t\t\t<\/div>\n\t\t\t\t<\/div>\n\t\t<div class=\"elementor-element elementor-element-833f37e e-con-full e-flex wpr-particle-no wpr-jarallax-no wpr-parallax-no wpr-sticky-section-no wpr-equal-height-no e-con e-child\" data-id=\"833f37e\" data-element_type=\"container\" data-e-type=\"container\">\n\t\t\t\t<div class=\"elementor-element elementor-element-0ef8547 exad-sticky-section-no exad-glass-effect-no elementor-widget elementor-widget-image-box\" data-id=\"0ef8547\" data-element_type=\"widget\" data-e-type=\"widget\" data-widget_type=\"image-box.default\">\n\t\t\t\t<div class=\"elementor-widget-container\">\n\t\t\t\t\t<div class=\"elementor-image-box-wrapper\"><div class=\"elementor-image-box-content\"><h3 class=\"elementor-image-box-title\"><a href=\"https:\/\/www.comune.brescia.it\/\" target=\"_blank\">Comune di Brescia<\/a><\/h3><p class=\"elementor-image-box-description\">The Municipality of Brescia is the municipal government of Brescia, a city in the Lombardy region of Italy. It is responsible for local administration, managing public services, urban planning, transportation, culture, education, and socio-economic development for the citizens of Brescia.<\/p><\/div><\/div>\t\t\t\t<\/div>\n\t\t\t\t<\/div>\n\t\t\t\t<\/div>\n\t\t<div class=\"elementor-element elementor-element-2722833 e-con-full e-flex wpr-particle-no wpr-jarallax-no wpr-parallax-no wpr-sticky-section-no wpr-equal-height-no e-con e-child\" data-id=\"2722833\" data-element_type=\"container\" data-e-type=\"container\">\n\t\t\t\t<div class=\"elementor-element elementor-element-eef4726 exad-sticky-section-no exad-glass-effect-no elementor-widget elementor-widget-image-box\" data-id=\"eef4726\" data-element_type=\"widget\" data-e-type=\"widget\" data-widget_type=\"image-box.default\">\n\t\t\t\t<div class=\"elementor-widget-container\">\n\t\t\t\t\t<div class=\"elementor-image-box-wrapper\"><div class=\"elementor-image-box-content\"><h3 class=\"elementor-image-box-title\"><a href=\"http:\/\/www.cittametropolitana.torino.it\/cms\/europa-e-cooperazione\/europe-direct\" target=\"_blank\">Europe Direct Torino<\/a><\/h3><p class=\"elementor-image-box-description\">Europe Direct Torino is an information center that is part of the Europe Direct network in Italy, managed by the Metropolitan City of Turin. Its goal is to bring the European Union closer to local citizens by providing information on EU policies, programs, and priorities, and promoting participation in debates about the future of Europe.<\/p><\/div><\/div>\t\t\t\t<\/div>\n\t\t\t\t<\/div>\n\t\t\t\t<\/div>\n\t\t<div class=\"elementor-element elementor-element-1ea100b e-con-full e-flex wpr-particle-no wpr-jarallax-no wpr-parallax-no wpr-sticky-section-no wpr-equal-height-no e-con e-child\" data-id=\"1ea100b\" data-element_type=\"container\" data-e-type=\"container\">\n\t\t\t\t<div class=\"elementor-element elementor-element-fc391f1 exad-sticky-section-no exad-glass-effect-no elementor-widget elementor-widget-image-box\" data-id=\"fc391f1\" data-element_type=\"widget\" data-e-type=\"widget\" data-widget_type=\"image-box.default\">\n\t\t\t\t<div class=\"elementor-widget-container\">\n\t\t\t\t\t<div class=\"elementor-image-box-wrapper\"><div class=\"elementor-image-box-content\"><h3 class=\"elementor-image-box-title\"><a href=\"https:\/\/iuse.it\/\" target=\"_blank\">Istituto Universitario Studi Europei (IUSE)<\/a><\/h3><p class=\"elementor-image-box-description\">The University Institute of European Studies (IUSE) is an academic institution based in Turin, dedicated to research and teaching in fields related to Europe, as well as to the training of experts and professionals in international affairs.<\/p><\/div><\/div>\t\t\t\t<\/div>\n\t\t\t\t<\/div>\n\t\t\t\t<\/div>\n\t\t<div class=\"elementor-element elementor-element-e067445 e-con-full e-flex wpr-particle-no wpr-jarallax-no wpr-parallax-no wpr-sticky-section-no wpr-equal-height-no e-con e-child\" data-id=\"e067445\" data-element_type=\"container\" data-e-type=\"container\">\n\t\t\t\t<div class=\"elementor-element elementor-element-63112e6 exad-sticky-section-no exad-glass-effect-no elementor-widget elementor-widget-image-box\" data-id=\"63112e6\" data-element_type=\"widget\" data-e-type=\"widget\" data-widget_type=\"image-box.default\">\n\t\t\t\t<div class=\"elementor-widget-container\">\n\t\t\t\t\t<div class=\"elementor-image-box-wrapper\"><div class=\"elementor-image-box-content\"><h3 class=\"elementor-image-box-title\"><a href=\"https:\/\/www.enaiplombardia.eu\/\" target=\"_blank\">Fondazione ENAIP Lombardia<\/a><\/h3><p class=\"elementor-image-box-description\">The ENAIP Lombardia Foundation is an educational entity with a presence in various locations across Lombardy, offering vocational training and specialized services to students, businesses, and professionals in various productive sectors.<\/p><\/div><\/div>\t\t\t\t<\/div>\n\t\t\t\t<\/div>\n\t\t\t\t<\/div>\n\t\t<div class=\"elementor-element elementor-element-d0fbe34 e-con-full e-flex wpr-particle-no wpr-jarallax-no wpr-parallax-no wpr-sticky-section-no wpr-equal-height-no e-con e-child\" data-id=\"d0fbe34\" data-element_type=\"container\" data-e-type=\"container\">\n\t\t\t\t<div class=\"elementor-element elementor-element-6ec16a5 exad-sticky-section-no exad-glass-effect-no elementor-widget elementor-widget-image-box\" data-id=\"6ec16a5\" data-element_type=\"widget\" data-e-type=\"widget\" data-widget_type=\"image-box.default\">\n\t\t\t\t<div class=\"elementor-widget-container\">\n\t\t\t\t\t<div class=\"elementor-image-box-wrapper\"><div class=\"elementor-image-box-content\"><h3 class=\"elementor-image-box-title\"><a href=\"https:\/\/www.cmvallecamonica.bs.it\/\" target=\"_blank\">Comunit\u00e0 Montana della Valle Camonica<\/a><\/h3><p class=\"elementor-image-box-description\">The Mountain Community of Valle Camonica is an administrative union of 41 municipalities in the province of Brescia, Lombardy, Italy. It coordinates efforts for the economic, social, and cultural development of the region, managing shared services and promoting initiatives in areas such as agriculture, tourism, and environmental protection.<\/p><\/div><\/div>\t\t\t\t<\/div>\n\t\t\t\t<\/div>\n\t\t\t\t<\/div>\n\t\t<div class=\"elementor-element elementor-element-93b9f11 e-con-full e-flex wpr-particle-no wpr-jarallax-no wpr-parallax-no wpr-sticky-section-no wpr-equal-height-no e-con e-child\" data-id=\"93b9f11\" data-element_type=\"container\" data-e-type=\"container\">\n\t\t\t\t<div class=\"elementor-element elementor-element-6903218 elementor-widget-divider--view-line_text elementor-widget-divider--element-align-center exad-sticky-section-no exad-glass-effect-no elementor-widget elementor-widget-divider\" data-id=\"6903218\" data-element_type=\"widget\" data-e-type=\"widget\" data-widget_type=\"divider.default\">\n\t\t\t\t<div class=\"elementor-widget-container\">\n\t\t\t\t\t\t\t<div class=\"elementor-divider\">\n\t\t\t<span class=\"elementor-divider-separator\">\n\t\t\t\t\t\t\t<span class=\"elementor-divider__text elementor-divider__element\">\n\t\t\t\tROMANIA\t\t\t\t<\/span>\n\t\t\t\t\t\t<\/span>\n\t\t<\/div>\n\t\t\t\t\t\t<\/div>\n\t\t\t\t<\/div>\n\t\t\t\t<\/div>\n\t\t<div class=\"elementor-element elementor-element-4cf7887 e-con-full e-flex wpr-particle-no wpr-jarallax-no wpr-parallax-no wpr-sticky-section-no wpr-equal-height-no e-con e-child\" data-id=\"4cf7887\" data-element_type=\"container\" data-e-type=\"container\">\n\t\t\t\t<div class=\"elementor-element elementor-element-8de3b98 exad-sticky-section-no exad-glass-effect-no elementor-widget elementor-widget-image-box\" data-id=\"8de3b98\" data-element_type=\"widget\" data-e-type=\"widget\" data-widget_type=\"image-box.default\">\n\t\t\t\t<div class=\"elementor-widget-container\">\n\t\t\t\t\t<div class=\"elementor-image-box-wrapper\"><div class=\"elementor-image-box-content\"><h3 class=\"elementor-image-box-title\"><a href=\"https:\/\/culturatimis.ro\/\" target=\"_blank\">Timi\u0219 Country Council - Directorate for Culture and Patrimony<\/a><\/h3><p class=\"elementor-image-box-description\">The Directorate of the Timi\u0219 County Council for Culture and Heritage is a decentralized public institution under the Ministry of Culture of Romania, responsible for protecting and promoting cultural heritage in Timi\u0219 County. Its functions include the conservation of historical monuments, the supervision of archaeological activities, and the promotion of cultural events in the region.<\/p><\/div><\/div>\t\t\t\t<\/div>\n\t\t\t\t<\/div>\n\t\t\t\t<\/div>\n\t\t<div class=\"elementor-element elementor-element-2a87fc5 e-con-full e-flex wpr-particle-no wpr-jarallax-no wpr-parallax-no wpr-sticky-section-no wpr-equal-height-no e-con e-child\" data-id=\"2a87fc5\" data-element_type=\"container\" data-e-type=\"container\">\n\t\t\t\t<div class=\"elementor-element elementor-element-a735ea6 exad-sticky-section-no exad-glass-effect-no elementor-widget elementor-widget-image-box\" data-id=\"a735ea6\" data-element_type=\"widget\" data-e-type=\"widget\" data-widget_type=\"image-box.default\">\n\t\t\t\t<div class=\"elementor-widget-container\">\n\t\t\t\t\t<div class=\"elementor-image-box-wrapper\"><div class=\"elementor-image-box-content\"><h3 class=\"elementor-image-box-title\"><a href=\"https:\/\/www.interregeurope.eu\/community\/brasov-county-council\" target=\"_blank\">Bra\u0219ov County Council<\/a><\/h3><p class=\"elementor-image-box-description\">The Bra\u0219ov County Council is the administrative and deliberative authority of Bra\u0219ov County in Romania, responsible for coordinating and overseeing public policies at the local level, including areas such as economic development, infrastructure, education, and social services.<\/p><\/div><\/div>\t\t\t\t<\/div>\n\t\t\t\t<\/div>\n\t\t\t\t<\/div>\n\t\t<div class=\"elementor-element elementor-element-b9c2237 e-con-full e-flex wpr-particle-no wpr-jarallax-no wpr-parallax-no wpr-sticky-section-no wpr-equal-height-no e-con e-child\" data-id=\"b9c2237\" data-element_type=\"container\" data-e-type=\"container\">\n\t\t\t\t<div class=\"elementor-element elementor-element-cee85f2 exad-sticky-section-no exad-glass-effect-no elementor-widget elementor-widget-image-box\" data-id=\"cee85f2\" data-element_type=\"widget\" data-e-type=\"widget\" data-widget_type=\"image-box.default\">\n\t\t\t\t<div class=\"elementor-widget-container\">\n\t\t\t\t\t<div class=\"elementor-image-box-wrapper\"><div class=\"elementor-image-box-content\"><h3 class=\"elementor-image-box-title\"><a href=\"https:\/\/www.interregeurope.eu\/community\/brasov-metropolitan-agency-for-sustainable-development\" target=\"_blank\">Bra\u0219ov Metropolitan Agency for Sustainable Development<\/a><\/h3><p class=\"elementor-image-box-description\">The Bra\u0219ov Metropolitan Agency for Sustainable Development is an organization that promotes cooperation between the municipality of Bra\u0219ov, the County Council, and 18 local authorities, with the aim of fostering the sustainable growth of the region.<\/p><\/div><\/div>\t\t\t\t<\/div>\n\t\t\t\t<\/div>\n\t\t\t\t<\/div>\n\t\t<div class=\"elementor-element elementor-element-a60138f e-con-full e-flex wpr-particle-no wpr-jarallax-no wpr-parallax-no wpr-sticky-section-no wpr-equal-height-no e-con e-child\" data-id=\"a60138f\" data-element_type=\"container\" data-e-type=\"container\">\n\t\t\t\t<div class=\"elementor-element elementor-element-9bf2110 exad-sticky-section-no exad-glass-effect-no elementor-widget elementor-widget-image-box\" data-id=\"9bf2110\" data-element_type=\"widget\" data-e-type=\"widget\" data-widget_type=\"image-box.default\">\n\t\t\t\t<div class=\"elementor-widget-container\">\n\t\t\t\t\t<div class=\"elementor-image-box-wrapper\"><div class=\"elementor-image-box-content\"><h3 class=\"elementor-image-box-title\"><a href=\"https:\/\/www.f6s.com\/company\/clusterforinnovationandtechnology\" target=\"_blank\">ALT Bra\u0219ov - Cluster for Innovation and Technology <\/a><\/h3><p class=\"elementor-image-box-description\">The ALT Bra\u0219ov - Cluster for Innovation and Technology is an organization dedicated to developing, promoting, and supporting innovative industries in Bra\u0219ov County. Its mission is to enhance economic growth in the region by fostering entrepreneurial initiatives, attracting investments, encouraging innovation, and connecting local businesses to the global market.<\/p><\/div><\/div>\t\t\t\t<\/div>\n\t\t\t\t<\/div>\n\t\t\t\t<\/div>\n\t\t<div class=\"elementor-element elementor-element-72b7e71 e-con-full e-flex wpr-particle-no wpr-jarallax-no wpr-parallax-no wpr-sticky-section-no wpr-equal-height-no e-con e-child\" data-id=\"72b7e71\" data-element_type=\"container\" data-e-type=\"container\">\n\t\t\t\t<div class=\"elementor-element elementor-element-64a7178 exad-sticky-section-no exad-glass-effect-no elementor-widget elementor-widget-image-box\" data-id=\"64a7178\" data-element_type=\"widget\" data-e-type=\"widget\" data-widget_type=\"image-box.default\">\n\t\t\t\t<div class=\"elementor-widget-container\">\n\t\t\t\t\t<div class=\"elementor-image-box-wrapper\"><div class=\"elementor-image-box-content\"><h3 class=\"elementor-image-box-title\"><a href=\"http:\/\/adrcentru.md\/?l=en\" target=\"_blank\">Centru Regional Development Agency (ADR Centru)<\/a><\/h3><p class=\"elementor-image-box-description\">The Centru Regional Development Agency is a public institution in the Republic of Moldova responsible for implementing regional development policies in the Centru Development Region. Its mission is to promote sustainable development by reducing regional disparities, improving infrastructure, and enhancing the quality of life for residents through various projects and programs.<\/p><\/div><\/div>\t\t\t\t<\/div>\n\t\t\t\t<\/div>\n\t\t\t\t<\/div>\n\t\t\t\t\t<\/div>\n\t\t\t\t<\/div>\n\t\t<div class=\"elementor-element elementor-element-deec40c e-flex e-con-boxed wpr-particle-no wpr-jarallax-no wpr-parallax-no wpr-sticky-section-no wpr-equal-height-no e-con e-parent\" data-id=\"deec40c\" data-element_type=\"container\" data-e-type=\"container\" data-settings=\"{&quot;background_background&quot;:&quot;classic&quot;}\">\n\t\t\t\t\t<div class=\"e-con-inner\">\n\t\t<div class=\"elementor-element elementor-element-769e444 e-con-full e-flex wpr-particle-no wpr-jarallax-no wpr-parallax-no wpr-sticky-section-no wpr-equal-height-no e-con e-child\" data-id=\"769e444\" data-element_type=\"container\" data-e-type=\"container\">\n\t\t\t\t<div class=\"elementor-element elementor-element-031c11b elementor-widget-divider--view-line_text elementor-widget-divider--element-align-center exad-sticky-section-no exad-glass-effect-no elementor-widget elementor-widget-divider\" data-id=\"031c11b\" data-element_type=\"widget\" data-e-type=\"widget\" data-widget_type=\"divider.default\">\n\t\t\t\t<div class=\"elementor-widget-container\">\n\t\t\t\t\t\t\t<div class=\"elementor-divider\">\n\t\t\t<span class=\"elementor-divider-separator\">\n\t\t\t\t\t\t\t<span class=\"elementor-divider__text elementor-divider__element\">\n\t\t\t\tRepresentatives of the socio-economic world\t\t\t\t<\/span>\n\t\t\t\t\t\t<\/span>\n\t\t<\/div>\n\t\t\t\t\t\t<\/div>\n\t\t\t\t<\/div>\n\t\t\t\t<\/div>\n\t\t<div class=\"elementor-element elementor-element-266b0f7 e-con-full e-flex wpr-particle-no wpr-jarallax-no wpr-parallax-no wpr-sticky-section-no wpr-equal-height-no e-con e-child\" data-id=\"266b0f7\" data-element_type=\"container\" data-e-type=\"container\">\n\t\t\t\t<div class=\"elementor-element elementor-element-33619c1 elementor-widget-divider--view-line_text elementor-widget-divider--element-align-center exad-sticky-section-no exad-glass-effect-no elementor-widget elementor-widget-divider\" data-id=\"33619c1\" data-element_type=\"widget\" data-e-type=\"widget\" data-widget_type=\"divider.default\">\n\t\t\t\t<div class=\"elementor-widget-container\">\n\t\t\t\t\t\t\t<div class=\"elementor-divider\">\n\t\t\t<span class=\"elementor-divider-separator\">\n\t\t\t\t\t\t\t<span class=\"elementor-divider__text elementor-divider__element\">\n\t\t\t\tSPAIN\t\t\t\t<\/span>\n\t\t\t\t\t\t<\/span>\n\t\t<\/div>\n\t\t\t\t\t\t<\/div>\n\t\t\t\t<\/div>\n\t\t\t\t<\/div>\n\t\t<div class=\"elementor-element elementor-element-e1cf383 e-con-full e-flex wpr-particle-no wpr-jarallax-no wpr-parallax-no wpr-sticky-section-no wpr-equal-height-no e-con e-child\" data-id=\"e1cf383\" data-element_type=\"container\" data-e-type=\"container\">\n\t\t\t\t<div class=\"elementor-element elementor-element-ddb06e9 exad-sticky-section-no exad-glass-effect-no elementor-widget elementor-widget-image-box\" data-id=\"ddb06e9\" data-element_type=\"widget\" data-e-type=\"widget\" data-widget_type=\"image-box.default\">\n\t\t\t\t<div class=\"elementor-widget-container\">\n\t\t\t\t\t<div class=\"elementor-image-box-wrapper\"><div class=\"elementor-image-box-content\"><h3 class=\"elementor-image-box-title\"><a href=\"https:\/\/sodena.com\/\" target=\"_blank\">Sodena \u2013 Sociedad de Desarrollo de Navarra<\/a><\/h3><p class=\"elementor-image-box-description\">The Navarra Development Society (Sodena) is the financial instrument of the Government of Navarre dedicated to attracting and developing high-value business projects for the region. Additionally, it coordinates the design and implementation of the regional Smart Specialization Strategy.<\/p><\/div><\/div>\t\t\t\t<\/div>\n\t\t\t\t<\/div>\n\t\t\t\t<\/div>\n\t\t<div class=\"elementor-element elementor-element-887f168 e-con-full e-flex wpr-particle-no wpr-jarallax-no wpr-parallax-no wpr-sticky-section-no wpr-equal-height-no e-con e-child\" data-id=\"887f168\" data-element_type=\"container\" data-e-type=\"container\">\n\t\t\t\t<div class=\"elementor-element elementor-element-dbc54a5 exad-sticky-section-no exad-glass-effect-no elementor-widget elementor-widget-image-box\" data-id=\"dbc54a5\" data-element_type=\"widget\" data-e-type=\"widget\" data-widget_type=\"image-box.default\">\n\t\t\t\t<div class=\"elementor-widget-container\">\n\t\t\t\t\t<div class=\"elementor-image-box-wrapper\"><div class=\"elementor-image-box-content\"><h3 class=\"elementor-image-box-title\"><a href=\"https:\/\/www.cein.es\/\" target=\"_blank\">CEIN - Centro Europeo de Empresas e Innovaci\u00f3n de Navarra<\/a><\/h3><p class=\"elementor-image-box-description\">The European Center for Business and Innovation of Navarre (CEIN) is a public company dependent on the Government of Navarre, aimed at boosting the region's economic development by fostering entrepreneurial spirit and supporting the creation of new, especially innovative, businesses.<\/p><\/div><\/div>\t\t\t\t<\/div>\n\t\t\t\t<\/div>\n\t\t\t\t<\/div>\n\t\t<div class=\"elementor-element elementor-element-791107c e-con-full e-flex wpr-particle-no wpr-jarallax-no wpr-parallax-no wpr-sticky-section-no wpr-equal-height-no e-con e-child\" data-id=\"791107c\" data-element_type=\"container\" data-e-type=\"container\">\n\t\t\t\t<div class=\"elementor-element elementor-element-d2585af exad-sticky-section-no exad-glass-effect-no elementor-widget elementor-widget-image-box\" data-id=\"d2585af\" data-element_type=\"widget\" data-e-type=\"widget\" data-widget_type=\"image-box.default\">\n\t\t\t\t<div class=\"elementor-widget-container\">\n\t\t\t\t\t<div class=\"elementor-image-box-wrapper\"><div class=\"elementor-image-box-content\"><h3 class=\"elementor-image-box-title\"><a href=\"https:\/\/ceoearagon.es\/\" target=\"_blank\">CEOE Arag\u00f3n<\/a><\/h3><p class=\"elementor-image-box-description\">The Confederation of Employers of Aragon (CEOE Arag\u00f3n) is the organization that represents the business community of the Autonomous Community of Aragon, thanks to the high level of representation it has achieved since its founding in 1982.\nIt encompasses over 30,000 companies through its member associations: the provincial business organizations of Huesca, Teruel, and Zaragoza, as well as sectoral and cross-sectoral associations within the region.\n\n<\/p><\/div><\/div>\t\t\t\t<\/div>\n\t\t\t\t<\/div>\n\t\t\t\t<\/div>\n\t\t<div class=\"elementor-element elementor-element-69a48d2 e-con-full e-flex wpr-particle-no wpr-jarallax-no wpr-parallax-no wpr-sticky-section-no wpr-equal-height-no e-con e-child\" data-id=\"69a48d2\" data-element_type=\"container\" data-e-type=\"container\">\n\t\t\t\t<div class=\"elementor-element elementor-element-cd10764 exad-sticky-section-no exad-glass-effect-no elementor-widget elementor-widget-image-box\" data-id=\"cd10764\" data-element_type=\"widget\" data-e-type=\"widget\" data-widget_type=\"image-box.default\">\n\t\t\t\t<div class=\"elementor-widget-container\">\n\t\t\t\t\t<div class=\"elementor-image-box-wrapper\"><div class=\"elementor-image-box-content\"><h3 class=\"elementor-image-box-title\"><a href=\"https:\/\/www.cepymearagon.es\/\" target=\"_blank\">CEPYME Arag\u00f3n<\/a><\/h3><p class=\"elementor-image-box-description\">CEPYME Aragon, or the Confederation of Small and Medium-Sized Enterprises of Aragon, is a regional business organization that represents and defends the interests of small and medium-sized enterprises (SMEs) and self-employed workers in the Autonomous Community of Aragon. It acts as an interlocutor with public administrations, social partners, and other institutions, promoting business development and social dialogue for the benefit of the general interest of society.<\/p><\/div><\/div>\t\t\t\t<\/div>\n\t\t\t\t<\/div>\n\t\t\t\t<\/div>\n\t\t<div class=\"elementor-element elementor-element-33ca450 e-con-full e-flex wpr-particle-no wpr-jarallax-no wpr-parallax-no wpr-sticky-section-no wpr-equal-height-no e-con e-child\" data-id=\"33ca450\" data-element_type=\"container\" data-e-type=\"container\">\n\t\t\t\t<div class=\"elementor-element elementor-element-b4f5ec6 exad-sticky-section-no exad-glass-effect-no elementor-widget elementor-widget-image-box\" data-id=\"b4f5ec6\" data-element_type=\"widget\" data-e-type=\"widget\" data-widget_type=\"image-box.default\">\n\t\t\t\t<div class=\"elementor-widget-container\">\n\t\t\t\t\t<div class=\"elementor-image-box-wrapper\"><div class=\"elementor-image-box-content\"><h3 class=\"elementor-image-box-title\"><a href=\"https:\/\/www.ibercaja.es\/\" target=\"_blank\">Ibercaja<\/a><\/h3><p class=\"elementor-image-box-description\">Ibercaja is a Spanish bank headquartered in Zaragoza. It is one of the country\u2019s leading financial institutions, offering a wide range of banking products and services to individuals and businesses.<\/p><\/div><\/div>\t\t\t\t<\/div>\n\t\t\t\t<\/div>\n\t\t\t\t<\/div>\n\t\t<div class=\"elementor-element elementor-element-a80ec78 e-con-full e-flex wpr-particle-no wpr-jarallax-no wpr-parallax-no wpr-sticky-section-no wpr-equal-height-no e-con e-child\" data-id=\"a80ec78\" data-element_type=\"container\" data-e-type=\"container\">\n\t\t\t\t<div class=\"elementor-element elementor-element-d94b419 exad-sticky-section-no exad-glass-effect-no elementor-widget elementor-widget-image-box\" data-id=\"d94b419\" data-element_type=\"widget\" data-e-type=\"widget\" data-widget_type=\"image-box.default\">\n\t\t\t\t<div class=\"elementor-widget-container\">\n\t\t\t\t\t<div class=\"elementor-image-box-wrapper\"><div class=\"elementor-image-box-content\"><h3 class=\"elementor-image-box-title\"><a href=\"https:\/\/www.aefaragon.es\/\" target=\"_blank\">Asociaci\u00f3n de Empresa Familiar de Arag\u00f3n<\/a><\/h3><p class=\"elementor-image-box-description\">AEFA is an independent, non-profit association founded in 1996 at the initiative of family business owners in Aragon, with the aim of representing the interests of family-owned businesses in the region.<\/p><\/div><\/div>\t\t\t\t<\/div>\n\t\t\t\t<\/div>\n\t\t\t\t<\/div>\n\t\t<div class=\"elementor-element elementor-element-1702c28 e-con-full e-flex wpr-particle-no wpr-jarallax-no wpr-parallax-no wpr-sticky-section-no wpr-equal-height-no e-con e-child\" data-id=\"1702c28\" data-element_type=\"container\" data-e-type=\"container\">\n\t\t\t\t<div class=\"elementor-element elementor-element-bde8f75 elementor-widget-divider--view-line_text elementor-widget-divider--element-align-center exad-sticky-section-no exad-glass-effect-no elementor-widget elementor-widget-divider\" data-id=\"bde8f75\" data-element_type=\"widget\" data-e-type=\"widget\" data-widget_type=\"divider.default\">\n\t\t\t\t<div class=\"elementor-widget-container\">\n\t\t\t\t\t\t\t<div class=\"elementor-divider\">\n\t\t\t<span class=\"elementor-divider-separator\">\n\t\t\t\t\t\t\t<span class=\"elementor-divider__text elementor-divider__element\">\n\t\t\t\tPORTUGAL\t\t\t\t<\/span>\n\t\t\t\t\t\t<\/span>\n\t\t<\/div>\n\t\t\t\t\t\t<\/div>\n\t\t\t\t<\/div>\n\t\t\t\t<\/div>\n\t\t<div class=\"elementor-element elementor-element-e987ecf e-con-full e-flex wpr-particle-no wpr-jarallax-no wpr-parallax-no wpr-sticky-section-no wpr-equal-height-no e-con e-child\" data-id=\"e987ecf\" data-element_type=\"container\" data-e-type=\"container\">\n\t\t\t\t<div class=\"elementor-element elementor-element-46ef06a exad-sticky-section-no exad-glass-effect-no elementor-widget elementor-widget-image-box\" data-id=\"46ef06a\" data-element_type=\"widget\" data-e-type=\"widget\" data-widget_type=\"image-box.default\">\n\t\t\t\t<div class=\"elementor-widget-container\">\n\t\t\t\t\t<div class=\"elementor-image-box-wrapper\"><div class=\"elementor-image-box-content\"><h3 class=\"elementor-image-box-title\"><a href=\"https:\/\/www.enerarea.pt\/\" target=\"_blank\">EnerArea - Ag\u00eancia Regional de Energia e Ambiente do Interior<\/a><\/h3><p class=\"elementor-image-box-description\">The Regional Energy and Environment Agency of the Interior is a Portuguese organization founded in 2001 at the initiative of the Association of Municipalities of Cova da Beira. Its main objective is to promote energy efficiency through the rational use and conservation of energy, as well as to enhance the utilization of endogenous energy resources in the Beira Interior region.<\/p><\/div><\/div>\t\t\t\t<\/div>\n\t\t\t\t<\/div>\n\t\t\t\t<\/div>\n\t\t<div class=\"elementor-element elementor-element-0c93043 e-con-full e-flex wpr-particle-no wpr-jarallax-no wpr-parallax-no wpr-sticky-section-no wpr-equal-height-no e-con e-child\" data-id=\"0c93043\" data-element_type=\"container\" data-e-type=\"container\">\n\t\t\t\t<div class=\"elementor-element elementor-element-0e1887e exad-sticky-section-no exad-glass-effect-no elementor-widget elementor-widget-image-box\" data-id=\"0e1887e\" data-element_type=\"widget\" data-e-type=\"widget\" data-widget_type=\"image-box.default\">\n\t\t\t\t<div class=\"elementor-widget-container\">\n\t\t\t\t\t<div class=\"elementor-image-box-wrapper\"><div class=\"elementor-image-box-content\"><h3 class=\"elementor-image-box-title\"><a href=\"https:\/\/www.resiestrela.pt\/\" target=\"_blank\">Resiestrela - Valoriza\u00e7\u00e3o e Tratamento de Res\u00edduos S\u00f3lidos<\/a><\/h3><p class=\"elementor-image-box-description\">Resiestrela - Valoriza\u00e7\u00e3o e Tratamento de Res\u00edduos S\u00f3lidos, S.A. is a Portuguese company dedicated to managing the Multi-Municipal System for sorting, selective collection, recovery, and treatment of urban solid waste in the Cova da Beira region.<\/p><\/div><\/div>\t\t\t\t<\/div>\n\t\t\t\t<\/div>\n\t\t\t\t<\/div>\n\t\t<div class=\"elementor-element elementor-element-44013e0 e-con-full e-flex wpr-particle-no wpr-jarallax-no wpr-parallax-no wpr-sticky-section-no wpr-equal-height-no e-con e-child\" data-id=\"44013e0\" data-element_type=\"container\" data-e-type=\"container\">\n\t\t\t\t<div class=\"elementor-element elementor-element-bbecb23 exad-sticky-section-no exad-glass-effect-no elementor-widget elementor-widget-image-box\" data-id=\"bbecb23\" data-element_type=\"widget\" data-e-type=\"widget\" data-widget_type=\"image-box.default\">\n\t\t\t\t<div class=\"elementor-widget-container\">\n\t\t\t\t\t<div class=\"elementor-image-box-wrapper\"><div class=\"elementor-image-box-content\"><h3 class=\"elementor-image-box-title\"><a href=\"https:\/\/oei.int\/pt\/escritorios\/portugal\/\" target=\"_blank\">OEI Portugal<\/a><\/h3><p class=\"elementor-image-box-description\">OEI Portugal is the office of the Organization of Ibero-American States for Education, Science, and Culture (OEI) in Lisbon. It works in the areas of education, culture, higher education, and the promotion of the Portuguese and Spanish languages.<\/p><\/div><\/div>\t\t\t\t<\/div>\n\t\t\t\t<\/div>\n\t\t\t\t<\/div>\n\t\t<div class=\"elementor-element elementor-element-b49b969 e-con-full e-flex wpr-particle-no wpr-jarallax-no wpr-parallax-no wpr-sticky-section-no wpr-equal-height-no e-con e-child\" data-id=\"b49b969\" data-element_type=\"container\" data-e-type=\"container\">\n\t\t\t\t<div class=\"elementor-element elementor-element-ed5c9a2 elementor-widget-divider--view-line_text elementor-widget-divider--element-align-center exad-sticky-section-no exad-glass-effect-no elementor-widget elementor-widget-divider\" data-id=\"ed5c9a2\" data-element_type=\"widget\" data-e-type=\"widget\" data-widget_type=\"divider.default\">\n\t\t\t\t<div class=\"elementor-widget-container\">\n\t\t\t\t\t\t\t<div class=\"elementor-divider\">\n\t\t\t<span class=\"elementor-divider-separator\">\n\t\t\t\t\t\t\t<span class=\"elementor-divider__text elementor-divider__element\">\n\t\t\t\tFRANCE\t\t\t\t<\/span>\n\t\t\t\t\t\t<\/span>\n\t\t<\/div>\n\t\t\t\t\t\t<\/div>\n\t\t\t\t<\/div>\n\t\t\t\t<\/div>\n\t\t<div class=\"elementor-element elementor-element-8e33e0c e-con-full e-flex wpr-particle-no wpr-jarallax-no wpr-parallax-no wpr-sticky-section-no wpr-equal-height-no e-con e-child\" data-id=\"8e33e0c\" data-element_type=\"container\" data-e-type=\"container\">\n\t\t\t\t<div class=\"elementor-element elementor-element-a66e9ab exad-sticky-section-no exad-glass-effect-no elementor-widget elementor-widget-image-box\" data-id=\"a66e9ab\" data-element_type=\"widget\" data-e-type=\"widget\" data-widget_type=\"image-box.default\">\n\t\t\t\t<div class=\"elementor-widget-container\">\n\t\t\t\t\t<div class=\"elementor-image-box-wrapper\"><div class=\"elementor-image-box-content\"><h3 class=\"elementor-image-box-title\"><a href=\"https:\/\/organisation.univ-pau.fr\/fr\/partenariats\/cepya.html\" target=\"_blank\">CEPyA - Cluster des Entreprises des Pyr\u00e9n\u00e9es Adour<\/a><\/h3><p class=\"elementor-image-box-description\">The Cluster of Enterprises of the Pyr\u00e9n\u00e9es Adour (CEPyA) is an association that connects the University of Pau et des Pays de l'Adour (UPPA) with the business sector in the region. Its goal is to foster public-private collaboration in areas such as research, training, and technology transfer, strengthening the ties between academia and industry to drive economic development and enhance the region's competitiveness.<\/p><\/div><\/div>\t\t\t\t<\/div>\n\t\t\t\t<\/div>\n\t\t\t\t<\/div>\n\t\t<div class=\"elementor-element elementor-element-54ea95b e-con-full e-flex wpr-particle-no wpr-jarallax-no wpr-parallax-no wpr-sticky-section-no wpr-equal-height-no e-con e-child\" data-id=\"54ea95b\" data-element_type=\"container\" data-e-type=\"container\">\n\t\t\t\t<div class=\"elementor-element elementor-element-5ebdb16 exad-sticky-section-no exad-glass-effect-no elementor-widget elementor-widget-image-box\" data-id=\"5ebdb16\" data-element_type=\"widget\" data-e-type=\"widget\" data-widget_type=\"image-box.default\">\n\t\t\t\t<div class=\"elementor-widget-container\">\n\t\t\t\t\t<div class=\"elementor-image-box-wrapper\"><div class=\"elementor-image-box-content\"><h3 class=\"elementor-image-box-title\"><a href=\"https:\/\/www.terega.fr\/\" target=\"_blank\">Ter\u00e9ga<\/a><\/h3><p class=\"elementor-image-box-description\">Ter\u00e9ga is a French company with nearly 80 years of experience in developing and managing gas transportation and storage infrastructure in the southwest of France.<\/p><\/div><\/div>\t\t\t\t<\/div>\n\t\t\t\t<\/div>\n\t\t\t\t<\/div>\n\t\t<div class=\"elementor-element elementor-element-096749c e-con-full e-flex wpr-particle-no wpr-jarallax-no wpr-parallax-no wpr-sticky-section-no wpr-equal-height-no e-con e-child\" data-id=\"096749c\" data-element_type=\"container\" data-e-type=\"container\">\n\t\t\t\t<div class=\"elementor-element elementor-element-b4c6a98 exad-sticky-section-no exad-glass-effect-no elementor-widget elementor-widget-image-box\" data-id=\"b4c6a98\" data-element_type=\"widget\" data-e-type=\"widget\" data-widget_type=\"image-box.default\">\n\t\t\t\t<div class=\"elementor-widget-container\">\n\t\t\t\t\t<div class=\"elementor-image-box-wrapper\"><div class=\"elementor-image-box-content\"><h3 class=\"elementor-image-box-title\"><a href=\"https:\/\/www.club-entreprises.univ-smb.fr\/\" target=\"_blank\">Club des entreprises de l'Universit\u00e9 Savoie Montc Blanc<\/a><\/h3><p class=\"elementor-image-box-description\">API \u2013 Association of Small and Medium Enterprises is an organization that represents and supports small and medium-sized businesses in Italy. It provides services such as consulting, training, and assistance in areas like innovation, internationalization, and labor relations, aiming to foster business growth and competitiveness.<\/p><\/div><\/div>\t\t\t\t<\/div>\n\t\t\t\t<\/div>\n\t\t\t\t<\/div>\n\t\t<div class=\"elementor-element elementor-element-00ca1d6 e-con-full e-flex wpr-particle-no wpr-jarallax-no wpr-parallax-no wpr-sticky-section-no wpr-equal-height-no e-con e-child\" data-id=\"00ca1d6\" data-element_type=\"container\" data-e-type=\"container\">\n\t\t\t\t<div class=\"elementor-element elementor-element-7c412dd exad-sticky-section-no exad-glass-effect-no elementor-widget elementor-widget-image-box\" data-id=\"7c412dd\" data-element_type=\"widget\" data-e-type=\"widget\" data-widget_type=\"image-box.default\">\n\t\t\t\t<div class=\"elementor-widget-container\">\n\t\t\t\t\t<div class=\"elementor-image-box-wrapper\"><div class=\"elementor-image-box-content\"><h3 class=\"elementor-image-box-title\"><a href=\"https:\/\/www.tenerrdis.fr\/\" target=\"_blank\">P\u00f3le de competitivit\u00e9 Tenerrdis<\/a><\/h3><p class=\"elementor-image-box-description\">The Tenerrdis Competitiveness Cluster is a French organization driving the energy transition in the Auvergne-Rh\u00f4ne-Alpes region. Its mission is to promote sustainable growth and the creation of long-term jobs in the new energy technology industries by facilitating collaboration between businesses, academic institutions, and public organizations to develop innovative solutions in renewable energy, energy efficiency, and decarbonized mobility.<\/p><\/div><\/div>\t\t\t\t<\/div>\n\t\t\t\t<\/div>\n\t\t\t\t<\/div>\n\t\t<div class=\"elementor-element elementor-element-f3a59a9 e-con-full e-flex wpr-particle-no wpr-jarallax-no wpr-parallax-no wpr-sticky-section-no wpr-equal-height-no e-con e-child\" data-id=\"f3a59a9\" data-element_type=\"container\" data-e-type=\"container\">\n\t\t\t\t<div class=\"elementor-element elementor-element-6ba1101 elementor-widget-divider--view-line_text elementor-widget-divider--element-align-center exad-sticky-section-no exad-glass-effect-no elementor-widget elementor-widget-divider\" data-id=\"6ba1101\" data-element_type=\"widget\" data-e-type=\"widget\" data-widget_type=\"divider.default\">\n\t\t\t\t<div class=\"elementor-widget-container\">\n\t\t\t\t\t\t\t<div class=\"elementor-divider\">\n\t\t\t<span class=\"elementor-divider-separator\">\n\t\t\t\t\t\t\t<span class=\"elementor-divider__text elementor-divider__element\">\n\t\t\t\tROMANIA\t\t\t\t<\/span>\n\t\t\t\t\t\t<\/span>\n\t\t<\/div>\n\t\t\t\t\t\t<\/div>\n\t\t\t\t<\/div>\n\t\t\t\t<\/div>\n\t\t<div class=\"elementor-element elementor-element-b510996 e-con-full e-flex wpr-particle-no wpr-jarallax-no wpr-parallax-no wpr-sticky-section-no wpr-equal-height-no e-con e-child\" data-id=\"b510996\" data-element_type=\"container\" data-e-type=\"container\">\n\t\t\t\t<div class=\"elementor-element elementor-element-f5d17e8 exad-sticky-section-no exad-glass-effect-no elementor-widget elementor-widget-image-box\" data-id=\"f5d17e8\" data-element_type=\"widget\" data-e-type=\"widget\" data-widget_type=\"image-box.default\">\n\t\t\t\t<div class=\"elementor-widget-container\">\n\t\t\t\t\t<div class=\"elementor-image-box-wrapper\"><div class=\"elementor-image-box-content\"><h3 class=\"elementor-image-box-title\"><a href=\"https:\/\/adrvest.ro\/\" target=\"_blank\">AdrVest - Agentia Pentru Dezvoltare Regionala Vest <\/a><\/h3><p class=\"elementor-image-box-description\">The West Regional Development Agency (ADR Vest) is a non-governmental, non-profit public utility organization established in 1999. It operates in Romania's Western Region. ADR Vest manages regional development programs funded by European funds, promotes the region, supports the improvement of residents' quality of life, attracts foreign investments, and offers business support services<\/p><\/div><\/div>\t\t\t\t<\/div>\n\t\t\t\t<\/div>\n\t\t\t\t<\/div>\n\t\t<div class=\"elementor-element elementor-element-f5ddad7 e-con-full e-flex wpr-particle-no wpr-jarallax-no wpr-parallax-no wpr-sticky-section-no wpr-equal-height-no e-con e-child\" data-id=\"f5ddad7\" data-element_type=\"container\" data-e-type=\"container\">\n\t\t\t\t<div class=\"elementor-element elementor-element-5283e4d exad-sticky-section-no exad-glass-effect-no elementor-widget elementor-widget-image-box\" data-id=\"5283e4d\" data-element_type=\"widget\" data-e-type=\"widget\" data-widget_type=\"image-box.default\">\n\t\t\t\t<div class=\"elementor-widget-container\">\n\t\t\t\t\t<div class=\"elementor-image-box-wrapper\"><div class=\"elementor-image-box-content\"><h3 class=\"elementor-image-box-title\">ROSENC - The Romanian Sustainable Energy Cluster <\/h3><p class=\"elementor-image-box-description\">The Romanian Sustainable Energy Cluster (ROSENC) is an association that brings together economic agents, research centers, public authorities, and NGOs to promote renewable energy, energy efficiency, and new sustainable energy technologies in Romania's West Region and Timi\u0219 County.<\/p><\/div><\/div>\t\t\t\t<\/div>\n\t\t\t\t<\/div>\n\t\t\t\t<\/div>\n\t\t<div class=\"elementor-element elementor-element-148287c e-con-full e-flex wpr-particle-no wpr-jarallax-no wpr-parallax-no wpr-sticky-section-no wpr-equal-height-no e-con e-child\" data-id=\"148287c\" data-element_type=\"container\" data-e-type=\"container\">\n\t\t\t\t<div class=\"elementor-element elementor-element-7c072fd exad-sticky-section-no exad-glass-effect-no elementor-widget elementor-widget-image-box\" data-id=\"7c072fd\" data-element_type=\"widget\" data-e-type=\"widget\" data-widget_type=\"image-box.default\">\n\t\t\t\t<div class=\"elementor-widget-container\">\n\t\t\t\t\t<div class=\"elementor-image-box-wrapper\"><div class=\"elementor-image-box-content\"><h3 class=\"elementor-image-box-title\"><a href=\"https:\/\/coworktimisoara.com\/en\/\" target=\"_blank\">Cowork Timisoara<\/a><\/h3><p class=\"elementor-image-box-description\">Cowork Timisoara is the largest and friendliest coworking space in this Romanian city, offering a plug-and-play environment where you can connect, collaborate, and communicate with both old and new coworkers. We provide desks, offices, or event spaces to suit any preference.<\/p><\/div><\/div>\t\t\t\t<\/div>\n\t\t\t\t<\/div>\n\t\t\t\t<\/div>\n\t\t<div class=\"elementor-element elementor-element-1f8d17f e-con-full e-flex wpr-particle-no wpr-jarallax-no wpr-parallax-no wpr-sticky-section-no wpr-equal-height-no e-con e-child\" data-id=\"1f8d17f\" data-element_type=\"container\" data-e-type=\"container\">\n\t\t\t\t<div class=\"elementor-element elementor-element-db77077 exad-sticky-section-no exad-glass-effect-no elementor-widget elementor-widget-image-box\" data-id=\"db77077\" data-element_type=\"widget\" data-e-type=\"widget\" data-widget_type=\"image-box.default\">\n\t\t\t\t<div class=\"elementor-widget-container\">\n\t\t\t\t\t<div class=\"elementor-image-box-wrapper\"><div class=\"elementor-image-box-content\"><h3 class=\"elementor-image-box-title\">Theoretical Highschool Grigore Moisil Timi\u0219oara <\/h3><p class=\"elementor-image-box-description\">The Grigore Moisil Theoretical High School in Timi\u0219oara is a real-profile educational institution specializing in mathematics and computer science. Initially known as the \"High School for Automatic Data Processing,\" it was one of the first five computer science high schools in Romania. Throughout its history, the high school has been recognized for its academic excellence. In 1992, it adopted the name \"Grigore Moisil Computer Science High School\" in honor of the renowned Romanian mathematician Grigore Moisil. The institution offers education from primary school to high school, with a strong emphasis on mathematics and computer science.<\/p><\/div><\/div>\t\t\t\t<\/div>\n\t\t\t\t<\/div>\n\t\t\t\t<\/div>\n\t\t<div class=\"elementor-element elementor-element-0c4c408 e-con-full e-flex wpr-particle-no wpr-jarallax-no wpr-parallax-no wpr-sticky-section-no wpr-equal-height-no e-con e-child\" data-id=\"0c4c408\" data-element_type=\"container\" data-e-type=\"container\">\n\t\t\t\t<div class=\"elementor-element elementor-element-9865101 exad-sticky-section-no exad-glass-effect-no elementor-widget elementor-widget-image-box\" data-id=\"9865101\" data-element_type=\"widget\" data-e-type=\"widget\" data-widget_type=\"image-box.default\">\n\t\t\t\t<div class=\"elementor-widget-container\">\n\t\t\t\t\t<div class=\"elementor-image-box-wrapper\"><div class=\"elementor-image-box-content\"><h3 class=\"elementor-image-box-title\"><a href=\"https:\/\/ecostuff.ro\/\" target=\"_blank\">Ecostuff <\/a><\/h3><p class=\"elementor-image-box-description\">EcoStuff Romania is a non-governmental organization based in Timi\u0219oara, dedicated to empowering, educating, and collaborating with individuals and organizations to implement projects that positively impact the planet.<\/p><\/div><\/div>\t\t\t\t<\/div>\n\t\t\t\t<\/div>\n\t\t\t\t<\/div>\n\t\t<div class=\"elementor-element elementor-element-97f7bf8 e-con-full e-flex wpr-particle-no wpr-jarallax-no wpr-parallax-no wpr-sticky-section-no wpr-equal-height-no e-con e-child\" data-id=\"97f7bf8\" data-element_type=\"container\" data-e-type=\"container\">\n\t\t\t\t<div class=\"elementor-element elementor-element-344e101 exad-sticky-section-no exad-glass-effect-no elementor-widget elementor-widget-image-box\" data-id=\"344e101\" data-element_type=\"widget\" data-e-type=\"widget\" data-widget_type=\"image-box.default\">\n\t\t\t\t<div class=\"elementor-widget-container\">\n\t\t\t\t\t<div class=\"elementor-image-box-wrapper\"><div class=\"elementor-image-box-content\"><h3 class=\"elementor-image-box-title\"><a href=\"https:\/\/www.orange.ro\/\" target=\"_blank\">Orange Romania<\/a><\/h3><p class=\"elementor-image-box-description\">Orange Romania is the largest GSM network operator in Romania, providing mobile telephony, fixed-line services, internet, and television. Founded in 1997 under the name Mobil Rom, it initially operated under the brand Dialog before rebranding to Orange in 2002.<\/p><\/div><\/div>\t\t\t\t<\/div>\n\t\t\t\t<\/div>\n\t\t\t\t<\/div>\n\t\t<div class=\"elementor-element elementor-element-f8c2c7f e-con-full e-flex wpr-particle-no wpr-jarallax-no wpr-parallax-no wpr-sticky-section-no wpr-equal-height-no e-con e-child\" data-id=\"f8c2c7f\" data-element_type=\"container\" data-e-type=\"container\">\n\t\t\t\t<div class=\"elementor-element elementor-element-149c791 elementor-widget-divider--view-line_text elementor-widget-divider--element-align-center exad-sticky-section-no exad-glass-effect-no elementor-widget elementor-widget-divider\" data-id=\"149c791\" data-element_type=\"widget\" data-e-type=\"widget\" data-widget_type=\"divider.default\">\n\t\t\t\t<div class=\"elementor-widget-container\">\n\t\t\t\t\t\t\t<div class=\"elementor-divider\">\n\t\t\t<span class=\"elementor-divider-separator\">\n\t\t\t\t\t\t\t<span class=\"elementor-divider__text elementor-divider__element\">\n\t\t\t\tITALY\t\t\t\t<\/span>\n\t\t\t\t\t\t<\/span>\n\t\t<\/div>\n\t\t\t\t\t\t<\/div>\n\t\t\t\t<\/div>\n\t\t\t\t<\/div>\n\t\t<div class=\"elementor-element elementor-element-5850660 e-con-full e-flex wpr-particle-no wpr-jarallax-no wpr-parallax-no wpr-sticky-section-no wpr-equal-height-no e-con e-child\" data-id=\"5850660\" data-element_type=\"container\" data-e-type=\"container\">\n\t\t\t\t<div class=\"elementor-element elementor-element-250fd4f exad-sticky-section-no exad-glass-effect-no elementor-widget elementor-widget-image-box\" data-id=\"250fd4f\" data-element_type=\"widget\" data-e-type=\"widget\" data-widget_type=\"image-box.default\">\n\t\t\t\t<div class=\"elementor-widget-container\">\n\t\t\t\t\t<div class=\"elementor-image-box-wrapper\"><div class=\"elementor-image-box-content\"><h3 class=\"elementor-image-box-title\"><a href=\"https:\/\/www.confindustria.piemonte.it\/\" target=\"_blank\">Cofindustria Piemonte<\/a><\/h3><p class=\"elementor-image-box-description\">Confindustria Piemonte is a regional association representing manufacturing and service companies in Piedmont. It supports businesses by promoting innovation, internationalization, and economic development, while also acting as an intermediary between companies and institutions to foster industrial growth.<\/p><\/div><\/div>\t\t\t\t<\/div>\n\t\t\t\t<\/div>\n\t\t\t\t<\/div>\n\t\t<div class=\"elementor-element elementor-element-c2796fc e-con-full e-flex wpr-particle-no wpr-jarallax-no wpr-parallax-no wpr-sticky-section-no wpr-equal-height-no e-con e-child\" data-id=\"c2796fc\" data-element_type=\"container\" data-e-type=\"container\">\n\t\t\t\t<div class=\"elementor-element elementor-element-1302992 exad-sticky-section-no exad-glass-effect-no elementor-widget elementor-widget-image-box\" data-id=\"1302992\" data-element_type=\"widget\" data-e-type=\"widget\" data-widget_type=\"image-box.default\">\n\t\t\t\t<div class=\"elementor-widget-container\">\n\t\t\t\t\t<div class=\"elementor-image-box-wrapper\"><div class=\"elementor-image-box-content\"><h3 class=\"elementor-image-box-title\"><a href=\"https:\/\/www.to.camcom.it\/\" target=\"_blank\">Camera di Commercio, Industria, Artigianato e Agricoltura di Torino<\/a><\/h3><p class=\"elementor-image-box-description\">The Chamber of Commerce, Industry, Crafts, and Agriculture of Turin is an Italian local public entity that promotes the economic development of businesses in the province of Turin, offering services such as support for internationalization, training, and innovation consultancy.<\/p><\/div><\/div>\t\t\t\t<\/div>\n\t\t\t\t<\/div>\n\t\t\t\t<\/div>\n\t\t<div class=\"elementor-element elementor-element-2c4d206 e-con-full e-flex wpr-particle-no wpr-jarallax-no wpr-parallax-no wpr-sticky-section-no wpr-equal-height-no e-con e-child\" data-id=\"2c4d206\" data-element_type=\"container\" data-e-type=\"container\">\n\t\t\t\t<div class=\"elementor-element elementor-element-a3bf3c4 exad-sticky-section-no exad-glass-effect-no elementor-widget elementor-widget-image-box\" data-id=\"a3bf3c4\" data-element_type=\"widget\" data-e-type=\"widget\" data-widget_type=\"image-box.default\">\n\t\t\t\t<div class=\"elementor-widget-container\">\n\t\t\t\t\t<div class=\"elementor-image-box-wrapper\"><div class=\"elementor-image-box-content\"><h3 class=\"elementor-image-box-title\"><a href=\"https:\/\/apito.it\/\" target=\"_blank\">API - Associazione Piccole e Medie Imprese<\/a><\/h3><p class=\"elementor-image-box-description\">The Club des Entreprises of the University Savoie Mont Blanc is an independent association that has been connecting the business and academic worlds for over 25 years. Comprising around 100 member companies and institutions and more than 1,000 partners, its mission is to facilitate students' professional integration, promote collaboration in training and research, and strengthen relationships between the university and the local economic fabric.<\/p><\/div><\/div>\t\t\t\t<\/div>\n\t\t\t\t<\/div>\n\t\t\t\t<\/div>\n\t\t<div class=\"elementor-element elementor-element-5b3d7b8 e-con-full e-flex wpr-particle-no wpr-jarallax-no wpr-parallax-no wpr-sticky-section-no wpr-equal-height-no e-con e-child\" data-id=\"5b3d7b8\" data-element_type=\"container\" data-e-type=\"container\">\n\t\t\t\t<div class=\"elementor-element elementor-element-2f331be exad-sticky-section-no exad-glass-effect-no elementor-widget elementor-widget-image-box\" data-id=\"2f331be\" data-element_type=\"widget\" data-e-type=\"widget\" data-widget_type=\"image-box.default\">\n\t\t\t\t<div class=\"elementor-widget-container\">\n\t\t\t\t\t<div class=\"elementor-image-box-wrapper\"><div class=\"elementor-image-box-content\"><h3 class=\"elementor-image-box-title\"><a href=\"https:\/\/www.confindustriabrescia.it\/\" target=\"_blank\">Confindustria Brescia<\/a><\/h3><p class=\"elementor-image-box-description\">Confindustria Brescia is an association representing manufacturing and service companies in the Brescia area. It provides support to businesses by promoting innovation, internationalization, and economic growth. Additionally, it fosters dialogue between companies and institutions to enhance industrial development and competitiveness.<\/p><\/div><\/div>\t\t\t\t<\/div>\n\t\t\t\t<\/div>\n\t\t\t\t<\/div>\n\t\t<div class=\"elementor-element elementor-element-491a79d e-con-full e-flex wpr-particle-no wpr-jarallax-no wpr-parallax-no wpr-sticky-section-no wpr-equal-height-no e-con e-child\" data-id=\"491a79d\" data-element_type=\"container\" data-e-type=\"container\">\n\t\t\t\t<div class=\"elementor-element elementor-element-9d2d941 exad-sticky-section-no exad-glass-effect-no elementor-widget elementor-widget-image-box\" data-id=\"9d2d941\" data-element_type=\"widget\" data-e-type=\"widget\" data-widget_type=\"image-box.default\">\n\t\t\t\t<div class=\"elementor-widget-container\">\n\t\t\t\t\t<div class=\"elementor-image-box-wrapper\"><div class=\"elementor-image-box-content\"><h3 class=\"elementor-image-box-title\"><a href=\"https:\/\/ambienteparco.it\/\" target=\"_blank\">Ambiente Parco<\/a><\/h3><p class=\"elementor-image-box-description\">Ambiente Parco is an interactive science center in Brescia dedicated to environmental sustainability and education. It offers exhibitions, workshops, and activities aimed at raising awareness of ecological issues, renewable energy, and sustainable development among schools, families, and the general public.<\/p><\/div><\/div>\t\t\t\t<\/div>\n\t\t\t\t<\/div>\n\t\t\t\t<\/div>\n\t\t<div class=\"elementor-element elementor-element-1e3a70e e-con-full e-flex wpr-particle-no wpr-jarallax-no wpr-parallax-no wpr-sticky-section-no wpr-equal-height-no e-con e-child\" data-id=\"1e3a70e\" data-element_type=\"container\" data-e-type=\"container\">\n\t\t\t\t<div class=\"elementor-element elementor-element-71bbdcd exad-sticky-section-no exad-glass-effect-no elementor-widget elementor-widget-image-box\" data-id=\"71bbdcd\" data-element_type=\"widget\" data-e-type=\"widget\" data-widget_type=\"image-box.default\">\n\t\t\t\t<div class=\"elementor-widget-container\">\n\t\t\t\t\t<div class=\"elementor-image-box-wrapper\"><div class=\"elementor-image-box-content\"><h3 class=\"elementor-image-box-title\"><a href=\"https:\/\/www.gruppoa2a.it\/it\/home\" target=\"_blank\">A2A S.p.a.<\/a><\/h3><p class=\"elementor-image-box-description\">A2A S.p.A. is an Italian multi-utility company operating in the energy, water, and environmental sectors. It provides services such as electricity and gas distribution, renewable energy production, waste management, and water cycle management, with a strong focus on sustainability and innovation.<\/p><\/div><\/div>\t\t\t\t<\/div>\n\t\t\t\t<\/div>\n\t\t\t\t<\/div>\n\t\t<div class=\"elementor-element elementor-element-aca950c e-con-full e-flex wpr-particle-no wpr-jarallax-no wpr-parallax-no wpr-sticky-section-no wpr-equal-height-no e-con e-child\" data-id=\"aca950c\" data-element_type=\"container\" data-e-type=\"container\">\n\t\t\t\t<div class=\"elementor-element elementor-element-7067f1c exad-sticky-section-no exad-glass-effect-no elementor-widget elementor-widget-image-box\" data-id=\"7067f1c\" data-element_type=\"widget\" data-e-type=\"widget\" data-widget_type=\"image-box.default\">\n\t\t\t\t<div class=\"elementor-widget-container\">\n\t\t\t\t\t<div class=\"elementor-image-box-wrapper\"><div class=\"elementor-image-box-content\"><h3 class=\"elementor-image-box-title\"><a href=\"http:\/\/www.aditechsrl.com\/\" target=\"_blank\">ADiTech<\/a><\/h3><p class=\"elementor-image-box-description\">ADiTech S.r.l. (Advanced Digital Technologies) is an Italian company founded in 2006, specializing in the development and integration of innovative solutions in telemedicine, home care, and wellness sectors.<\/p><\/div><\/div>\t\t\t\t<\/div>\n\t\t\t\t<\/div>\n\t\t\t\t<\/div>\n\t\t\t\t\t<\/div>\n\t\t\t\t<\/div>\n\t\t<div class=\"elementor-element elementor-element-236af974 e-flex e-con-boxed wpr-particle-no wpr-jarallax-no wpr-parallax-no wpr-sticky-section-no wpr-equal-height-no e-con e-parent\" data-id=\"236af974\" data-element_type=\"container\" data-e-type=\"container\" data-settings=\"{&quot;background_background&quot;:&quot;classic&quot;}\">\n\t\t\t\t\t<div class=\"e-con-inner\">\n\t\t\t\t<div class=\"elementor-element elementor-element-390cdae2 exad-sticky-section-no exad-glass-effect-no elementor-widget elementor-widget-heading\" data-id=\"390cdae2\" data-element_type=\"widget\" data-e-type=\"widget\" data-widget_type=\"heading.default\">\n\t\t\t\t<div class=\"elementor-widget-container\">\n\t\t\t\t\t<h2 class=\"elementor-heading-title elementor-size-default\">Together, we are UNITA<\/h2>\t\t\t\t<\/div>\n\t\t\t\t<\/div>\n\t\t\t\t\t<\/div>\n\t\t\t\t<\/div>\n\t\t\t\t<\/div>","protected":false},"excerpt":{"rendered":"<p>Associated Partners Associated Partners are a key resource for UNITA to reach the objectives of the Alliance Our more than fifty associated partners represent different actors in each regional ecosystem, including the socio-economic sector, public authorities, a quality assurance agency, policy makers and civil organizations. INTERNATIONAL ORGANIZATIONS AUF &#8211; Agence Universitaire de la Francophonie The AUF, a global association of higher education and research institutions in the French-speaking world, brings together 1,007 university institutions across all continents in 119 countries. AULP &#8211; Associa\u00e7\u00e3o das Universidades de L\u00edngua Portuguesa The AULP is an international NGO that fosters cooperation, information exchange, and the collective development of Portuguese-language education and research among over 130 members across Portuguese-speaking countries and regions. OEI &#8211; Organizaci\u00f3n de Estados Iberoamericanos para la Educaci\u00f3n, la Ciencia y la Cultura The OEI is the largest multilateral cooperation organization among Spanish- and Portuguese-speaking Ibero-American countries, with a physical presence in 20 countries APICAD &#8211; Association internationale pour la promotion de l&#8217;intercompr\u00e9hension \u00e0 distance The APICAD is a non-profit international association established in 2014 under French law. It manages the Miriadi network (French acronym for Pooling and Innovation for a Network of Distance Intercomprehension) and its web portal, coordinating the network and organizing online intercomprehension training within networking groups. Euromontana Euromontana is the European multi-stakeholder network for sustainable development and quality of life in the mountains. NATIONAL ORGANIZATIONS PORTUGAL CCDRC &#8211; Comiss\u00e3o de Coordena\u00e7\u00e3o e Desenvolvimento Regional do Centro The Commission for Coordination and Regional Development of the Center is an autonomous public institute responsible for defining and implementing regional development strategies in Portugal&#8217;s Center Region, as well as coordinating public policies in key areas such as environment, economy, culture, and land use planning. Additionally, it manages cohesion policy and regional programs. Aldeias Hist\u00f3ricas de Portugal The Historical Villages of Portugal is a private, non-profit tourism development association that forms a network of twelve localities in the central interior of the country. CIMBSE &#8211; Comunidade Intermunicipal Beiras e Serra da Estrela The Intermunicipal Community of Beiras and Serra da Estrela is a public associative entity that brings together 15 Portuguese municipalities to promote common interests, territorial cohesion, and sustainable development in the region. Its mission is to optimize regional management, foster synergies, and improve quality of life through economic, social, and collective development. SPAIN Consorcio Campus Iberus &#8211; Campus of International Excellence of the Ebro Valley Campus Iberus is an international excellence consortium comprised of the universities of Zaragoza, La Rioja, Lleida, and the Public University of Navarre. Its main goal is to foster collaboration in research, teaching, and innovation among these public institutions, promoting the economic, social, and cultural development of the Ebro Valley, a strategically significant Spanish region bordering France. ACPUA &#8211; Agencia de Calidad y Prospectiva Universitaria de Arag\u00f3n The Agency for University Quality and Prospective of Aragon is the official higher education evaluation agency of the Autonomous Community of Aragon (Spain). Its mission is to promote the quality of the Aragon University System by fostering its connection with the business and labor sectors, as well as with society as a whole. CRUE \u2013 Conferencia de Rectores de Universidades Espa\u00f1olas The Conference of Rectors of Spanish Universities (CRUE) is a non-profit association founded in 1994. It is currently composed of 77 Spanish universities, of which 50 are public and 27 are private. CRUE represents all the Spanish universities that are members of the association, promoting cooperation among them and with public administrations, as well as fostering relationships with foreign universities and social stakeholders. G9 Universidades The Group of 9 Universities (G9) is a non-profit association made up of Spanish public universities that are the sole public universities in their respective Autonomous Communities. Departamento de Universidad, Innovaci\u00f3n y Transformaci\u00f3n Digital del Gobierno de Navarra The Department of University, Innovation, and Digital Transformation of the Government of Navarre is the entity in charge of designing and implementing public policies in higher education, research, technological innovation, and digitalization in Navarre. EGTC Euroregion Nouvelle-Aquitaine Euskadi Navarra The New Aquitaine-Euskadi-Navarra Euroregion is a European Grouping of Territorial Cooperation aimed at promoting the economic, social, and cultural development of the cross-border and Euroregional territory, while also encouraging exchanges within it. Gobierno de Arag\u00f3n The Government of Aragon is the institution that holds executive power in the Autonomous Community of Aragon, and is responsible for managing regional competencies in areas such as education, healthcare, economy, environment, and culture. Departamento de Empleo, Ciencia y Universidades del Gobierno de Arag\u00f3n The Department of Employment, Science and Universities of the Government of Aragon promotes policies on employment, scientific development and higher education in the region, fostering research, university training and job placement. It acts as a coordinating and regulatory body to ensure quality, innovation and equal opportunities in the fields of work, science and higher education. Direcci\u00f3n General de Universidades del Departamento de Empleo, Ciencia y Universidades del Gobierno de Arag\u00f3n The Directorate General for Universities of the Department of Employment, Science, and Universities of the Government of Aragon is the body responsible for planning, coordinating, and overseeing policies related to university education in the autonomous community. Diputaci\u00f3n Provincial de Zaragoza The Provincial Council of Zaragoza is the local government institution that provides services and support to the municipalities of the province of Zaragoza, especially the smaller ones, to promote their economic, social, and cultural development. It also manages supra-municipal responsibilities, fostering cooperation between municipalities and territorial balance. Ayuntamiento de Zaragoza The Zaragoza City Council is the governing institution of the municipality of Zaragoza, the capital of Aragon. Responsible for local administration, it manages public services, urban planning, security, and promotes the city&#8217;s economic and cultural development. Diputaci\u00f3n Provincial de Huesca The Provincial Council of Huesca is the local government institution that provides services and support to the municipalities of the province of Huesca, especially the smaller ones, to promote their economic, social, and cultural development. It also manages supra-municipal responsibilities, fostering cooperation between municipalities and territorial balance. Ayuntamiento de Huesca The Huesca City Council is the<\/p>","protected":false},"author":4,"featured_media":0,"parent":3587,"menu_order":0,"comment_status":"closed","ping_status":"closed","template":"","meta":{"footnotes":""},"class_list":["post-587","page","type-page","status-publish","hentry"],"yoast_head":"<!-- This site is optimized with the Yoast SEO plugin v27.3 - https:\/\/yoast.com\/product\/yoast-seo-wordpress\/ -->\n<title>Associated partners - UNITA<\/title>\n<meta name=\"robots\" content=\"index, follow, max-snippet:-1, max-image-preview:large, max-video-preview:-1\" \/>\n<link rel=\"canonical\" href=\"https:\/\/univ-unita.eu\/it\/our-alliance\/partners__trashed\/associated-partners\/\" \/>\n<meta property=\"og:locale\" content=\"it_IT\" \/>\n<meta property=\"og:type\" content=\"article\" \/>\n<meta property=\"og:title\" content=\"Associated partners - UNITA\" \/>\n<meta property=\"og:description\" content=\"Associated Partners Associated Partners are a key resource for UNITA to reach the objectives of the Alliance Our more than fifty associated partners represent different actors in each regional ecosystem, including the socio-economic sector, public authorities, a quality assurance agency, policy makers and civil organizations. INTERNATIONAL ORGANIZATIONS AUF &#8211; Agence Universitaire de la Francophonie The AUF, a global association of higher education and research institutions in the French-speaking world, brings together 1,007 university institutions across all continents in 119 countries. AULP &#8211; Associa\u00e7\u00e3o das Universidades de L\u00edngua Portuguesa The AULP is an international NGO that fosters cooperation, information exchange, and the collective development of Portuguese-language education and research among over 130 members across Portuguese-speaking countries and regions. OEI &#8211; Organizaci\u00f3n de Estados Iberoamericanos para la Educaci\u00f3n, la Ciencia y la Cultura The OEI is the largest multilateral cooperation organization among Spanish- and Portuguese-speaking Ibero-American countries, with a physical presence in 20 countries APICAD &#8211; Association internationale pour la promotion de l&#8217;intercompr\u00e9hension \u00e0 distance The APICAD is a non-profit international association established in 2014 under French law. It manages the Miriadi network (French acronym for Pooling and Innovation for a Network of Distance Intercomprehension) and its web portal, coordinating the network and organizing online intercomprehension training within networking groups. Euromontana Euromontana is the European multi-stakeholder network for sustainable development and quality of life in the mountains. NATIONAL ORGANIZATIONS PORTUGAL CCDRC &#8211; Comiss\u00e3o de Coordena\u00e7\u00e3o e Desenvolvimento Regional do Centro The Commission for Coordination and Regional Development of the Center is an autonomous public institute responsible for defining and implementing regional development strategies in Portugal&#8217;s Center Region, as well as coordinating public policies in key areas such as environment, economy, culture, and land use planning. Additionally, it manages cohesion policy and regional programs. Aldeias Hist\u00f3ricas de Portugal The Historical Villages of Portugal is a private, non-profit tourism development association that forms a network of twelve localities in the central interior of the country. CIMBSE &#8211; Comunidade Intermunicipal Beiras e Serra da Estrela The Intermunicipal Community of Beiras and Serra da Estrela is a public associative entity that brings together 15 Portuguese municipalities to promote common interests, territorial cohesion, and sustainable development in the region. Its mission is to optimize regional management, foster synergies, and improve quality of life through economic, social, and collective development. SPAIN Consorcio Campus Iberus &#8211; Campus of International Excellence of the Ebro Valley Campus Iberus is an international excellence consortium comprised of the universities of Zaragoza, La Rioja, Lleida, and the Public University of Navarre. Its main goal is to foster collaboration in research, teaching, and innovation among these public institutions, promoting the economic, social, and cultural development of the Ebro Valley, a strategically significant Spanish region bordering France. ACPUA &#8211; Agencia de Calidad y Prospectiva Universitaria de Arag\u00f3n The Agency for University Quality and Prospective of Aragon is the official higher education evaluation agency of the Autonomous Community of Aragon (Spain). Its mission is to promote the quality of the Aragon University System by fostering its connection with the business and labor sectors, as well as with society as a whole. CRUE \u2013 Conferencia de Rectores de Universidades Espa\u00f1olas The Conference of Rectors of Spanish Universities (CRUE) is a non-profit association founded in 1994. It is currently composed of 77 Spanish universities, of which 50 are public and 27 are private. CRUE represents all the Spanish universities that are members of the association, promoting cooperation among them and with public administrations, as well as fostering relationships with foreign universities and social stakeholders. G9 Universidades The Group of 9 Universities (G9) is a non-profit association made up of Spanish public universities that are the sole public universities in their respective Autonomous Communities. Departamento de Universidad, Innovaci\u00f3n y Transformaci\u00f3n Digital del Gobierno de Navarra The Department of University, Innovation, and Digital Transformation of the Government of Navarre is the entity in charge of designing and implementing public policies in higher education, research, technological innovation, and digitalization in Navarre. EGTC Euroregion Nouvelle-Aquitaine Euskadi Navarra The New Aquitaine-Euskadi-Navarra Euroregion is a European Grouping of Territorial Cooperation aimed at promoting the economic, social, and cultural development of the cross-border and Euroregional territory, while also encouraging exchanges within it. Gobierno de Arag\u00f3n The Government of Aragon is the institution that holds executive power in the Autonomous Community of Aragon, and is responsible for managing regional competencies in areas such as education, healthcare, economy, environment, and culture. Departamento de Empleo, Ciencia y Universidades del Gobierno de Arag\u00f3n The Department of Employment, Science and Universities of the Government of Aragon promotes policies on employment, scientific development and higher education in the region, fostering research, university training and job placement. It acts as a coordinating and regulatory body to ensure quality, innovation and equal opportunities in the fields of work, science and higher education. Direcci\u00f3n General de Universidades del Departamento de Empleo, Ciencia y Universidades del Gobierno de Arag\u00f3n The Directorate General for Universities of the Department of Employment, Science, and Universities of the Government of Aragon is the body responsible for planning, coordinating, and overseeing policies related to university education in the autonomous community. Diputaci\u00f3n Provincial de Zaragoza The Provincial Council of Zaragoza is the local government institution that provides services and support to the municipalities of the province of Zaragoza, especially the smaller ones, to promote their economic, social, and cultural development. It also manages supra-municipal responsibilities, fostering cooperation between municipalities and territorial balance. Ayuntamiento de Zaragoza The Zaragoza City Council is the governing institution of the municipality of Zaragoza, the capital of Aragon. Responsible for local administration, it manages public services, urban planning, security, and promotes the city&#8217;s economic and cultural development. Diputaci\u00f3n Provincial de Huesca The Provincial Council of Huesca is the local government institution that provides services and support to the municipalities of the province of Huesca, especially the smaller ones, to promote their economic, social, and cultural development. It also manages supra-municipal responsibilities, fostering cooperation between municipalities and territorial balance. Ayuntamiento de Huesca The Huesca City Council is the\" \/>\n<meta property=\"og:url\" content=\"https:\/\/univ-unita.eu\/it\/our-alliance\/partners__trashed\/associated-partners\/\" \/>\n<meta property=\"og:site_name\" content=\"UNITA\" \/>\n<meta property=\"article:modified_time\" content=\"2025-12-09T10:15:22+00:00\" \/>\n<meta property=\"og:image\" content=\"https:\/\/univ-unita.eu\/wp-content\/uploads\/2025\/11\/unito-Torino-Fiume-Po-Studenti-02-scaled.jpg\" \/>\n\t<meta property=\"og:image:width\" content=\"2560\" \/>\n\t<meta property=\"og:image:height\" content=\"1707\" \/>\n\t<meta property=\"og:image:type\" content=\"image\/jpeg\" \/>\n<meta name=\"twitter:card\" content=\"summary_large_image\" \/>\n<meta name=\"twitter:label1\" content=\"Tempo di lettura stimato\" \/>\n\t<meta name=\"twitter:data1\" content=\"15 minuti\" \/>\n<script type=\"application\/ld+json\" class=\"yoast-schema-graph\">{\"@context\":\"https:\\\/\\\/schema.org\",\"@graph\":[{\"@type\":\"WebPage\",\"@id\":\"https:\\\/\\\/univ-unita.eu\\\/our-alliance\\\/partners__trashed\\\/associated-partners\\\/\",\"url\":\"https:\\\/\\\/univ-unita.eu\\\/our-alliance\\\/partners__trashed\\\/associated-partners\\\/\",\"name\":\"Associated partners - UNITA\",\"isPartOf\":{\"@id\":\"https:\\\/\\\/univ-unita.eu\\\/#website\"},\"primaryImageOfPage\":{\"@id\":\"https:\\\/\\\/univ-unita.eu\\\/our-alliance\\\/partners__trashed\\\/associated-partners\\\/#primaryimage\"},\"image\":{\"@id\":\"https:\\\/\\\/univ-unita.eu\\\/our-alliance\\\/partners__trashed\\\/associated-partners\\\/#primaryimage\"},\"thumbnailUrl\":\"https:\\\/\\\/univ-unita.eu\\\/wp-content\\\/uploads\\\/2025\\\/11\\\/unito-Torino-Fiume-Po-Studenti-02-1300x650.jpg\",\"datePublished\":\"2025-06-06T07:59:00+00:00\",\"dateModified\":\"2025-12-09T10:15:22+00:00\",\"breadcrumb\":{\"@id\":\"https:\\\/\\\/univ-unita.eu\\\/our-alliance\\\/partners__trashed\\\/associated-partners\\\/#breadcrumb\"},\"inLanguage\":\"it-IT\",\"potentialAction\":[{\"@type\":\"ReadAction\",\"target\":[\"https:\\\/\\\/univ-unita.eu\\\/our-alliance\\\/partners__trashed\\\/associated-partners\\\/\"]}]},{\"@type\":\"ImageObject\",\"inLanguage\":\"it-IT\",\"@id\":\"https:\\\/\\\/univ-unita.eu\\\/our-alliance\\\/partners__trashed\\\/associated-partners\\\/#primaryimage\",\"url\":\"https:\\\/\\\/univ-unita.eu\\\/wp-content\\\/uploads\\\/2025\\\/11\\\/unito-Torino-Fiume-Po-Studenti-02-1300x650.jpg\",\"contentUrl\":\"https:\\\/\\\/univ-unita.eu\\\/wp-content\\\/uploads\\\/2025\\\/11\\\/unito-Torino-Fiume-Po-Studenti-02-1300x650.jpg\"},{\"@type\":\"BreadcrumbList\",\"@id\":\"https:\\\/\\\/univ-unita.eu\\\/our-alliance\\\/partners__trashed\\\/associated-partners\\\/#breadcrumb\",\"itemListElement\":[{\"@type\":\"ListItem\",\"position\":1,\"name\":\"Home\",\"item\":\"https:\\\/\\\/univ-unita.eu\\\/\"},{\"@type\":\"ListItem\",\"position\":2,\"name\":\"Our alliance\",\"item\":\"https:\\\/\\\/univ-unita.eu\\\/our-alliance\\\/\"},{\"@type\":\"ListItem\",\"position\":3,\"name\":\"Associated partners\"}]},{\"@type\":\"WebSite\",\"@id\":\"https:\\\/\\\/univ-unita.eu\\\/#website\",\"url\":\"https:\\\/\\\/univ-unita.eu\\\/\",\"name\":\"UNITA Universitas Montium\",\"description\":\"Universitas Montium\",\"publisher\":{\"@id\":\"https:\\\/\\\/univ-unita.eu\\\/#organization\"},\"potentialAction\":[{\"@type\":\"SearchAction\",\"target\":{\"@type\":\"EntryPoint\",\"urlTemplate\":\"https:\\\/\\\/univ-unita.eu\\\/?s={search_term_string}\"},\"query-input\":{\"@type\":\"PropertyValueSpecification\",\"valueRequired\":true,\"valueName\":\"search_term_string\"}}],\"inLanguage\":\"it-IT\"},{\"@type\":\"Organization\",\"@id\":\"https:\\\/\\\/univ-unita.eu\\\/#organization\",\"name\":\"UNITA Universitas Montium\",\"url\":\"https:\\\/\\\/univ-unita.eu\\\/\",\"logo\":{\"@type\":\"ImageObject\",\"inLanguage\":\"it-IT\",\"@id\":\"https:\\\/\\\/univ-unita.eu\\\/#\\\/schema\\\/logo\\\/image\\\/\",\"url\":\"https:\\\/\\\/univ-unita.eu\\\/wp-content\\\/uploads\\\/2025\\\/05\\\/logo-unita.png\",\"contentUrl\":\"https:\\\/\\\/univ-unita.eu\\\/wp-content\\\/uploads\\\/2025\\\/05\\\/logo-unita.png\",\"width\":366,\"height\":304,\"caption\":\"UNITA Universitas Montium\"},\"image\":{\"@id\":\"https:\\\/\\\/univ-unita.eu\\\/#\\\/schema\\\/logo\\\/image\\\/\"}}]}<\/script>\n<!-- \/ Yoast SEO plugin. -->","yoast_head_json":{"title":"Associated partners - UNITA","robots":{"index":"index","follow":"follow","max-snippet":"max-snippet:-1","max-image-preview":"max-image-preview:large","max-video-preview":"max-video-preview:-1"},"canonical":"https:\/\/univ-unita.eu\/it\/our-alliance\/partners__trashed\/associated-partners\/","og_locale":"it_IT","og_type":"article","og_title":"Associated partners - UNITA","og_description":"Associated Partners Associated Partners are a key resource for UNITA to reach the objectives of the Alliance Our more than fifty associated partners represent different actors in each regional ecosystem, including the socio-economic sector, public authorities, a quality assurance agency, policy makers and civil organizations. INTERNATIONAL ORGANIZATIONS AUF &#8211; Agence Universitaire de la Francophonie The AUF, a global association of higher education and research institutions in the French-speaking world, brings together 1,007 university institutions across all continents in 119 countries. AULP &#8211; Associa\u00e7\u00e3o das Universidades de L\u00edngua Portuguesa The AULP is an international NGO that fosters cooperation, information exchange, and the collective development of Portuguese-language education and research among over 130 members across Portuguese-speaking countries and regions. OEI &#8211; Organizaci\u00f3n de Estados Iberoamericanos para la Educaci\u00f3n, la Ciencia y la Cultura The OEI is the largest multilateral cooperation organization among Spanish- and Portuguese-speaking Ibero-American countries, with a physical presence in 20 countries APICAD &#8211; Association internationale pour la promotion de l&#8217;intercompr\u00e9hension \u00e0 distance The APICAD is a non-profit international association established in 2014 under French law. It manages the Miriadi network (French acronym for Pooling and Innovation for a Network of Distance Intercomprehension) and its web portal, coordinating the network and organizing online intercomprehension training within networking groups. Euromontana Euromontana is the European multi-stakeholder network for sustainable development and quality of life in the mountains. NATIONAL ORGANIZATIONS PORTUGAL CCDRC &#8211; Comiss\u00e3o de Coordena\u00e7\u00e3o e Desenvolvimento Regional do Centro The Commission for Coordination and Regional Development of the Center is an autonomous public institute responsible for defining and implementing regional development strategies in Portugal&#8217;s Center Region, as well as coordinating public policies in key areas such as environment, economy, culture, and land use planning. Additionally, it manages cohesion policy and regional programs. Aldeias Hist\u00f3ricas de Portugal The Historical Villages of Portugal is a private, non-profit tourism development association that forms a network of twelve localities in the central interior of the country. CIMBSE &#8211; Comunidade Intermunicipal Beiras e Serra da Estrela The Intermunicipal Community of Beiras and Serra da Estrela is a public associative entity that brings together 15 Portuguese municipalities to promote common interests, territorial cohesion, and sustainable development in the region. Its mission is to optimize regional management, foster synergies, and improve quality of life through economic, social, and collective development. SPAIN Consorcio Campus Iberus &#8211; Campus of International Excellence of the Ebro Valley Campus Iberus is an international excellence consortium comprised of the universities of Zaragoza, La Rioja, Lleida, and the Public University of Navarre. Its main goal is to foster collaboration in research, teaching, and innovation among these public institutions, promoting the economic, social, and cultural development of the Ebro Valley, a strategically significant Spanish region bordering France. ACPUA &#8211; Agencia de Calidad y Prospectiva Universitaria de Arag\u00f3n The Agency for University Quality and Prospective of Aragon is the official higher education evaluation agency of the Autonomous Community of Aragon (Spain). Its mission is to promote the quality of the Aragon University System by fostering its connection with the business and labor sectors, as well as with society as a whole. CRUE \u2013 Conferencia de Rectores de Universidades Espa\u00f1olas The Conference of Rectors of Spanish Universities (CRUE) is a non-profit association founded in 1994. It is currently composed of 77 Spanish universities, of which 50 are public and 27 are private. CRUE represents all the Spanish universities that are members of the association, promoting cooperation among them and with public administrations, as well as fostering relationships with foreign universities and social stakeholders. G9 Universidades The Group of 9 Universities (G9) is a non-profit association made up of Spanish public universities that are the sole public universities in their respective Autonomous Communities. Departamento de Universidad, Innovaci\u00f3n y Transformaci\u00f3n Digital del Gobierno de Navarra The Department of University, Innovation, and Digital Transformation of the Government of Navarre is the entity in charge of designing and implementing public policies in higher education, research, technological innovation, and digitalization in Navarre. EGTC Euroregion Nouvelle-Aquitaine Euskadi Navarra The New Aquitaine-Euskadi-Navarra Euroregion is a European Grouping of Territorial Cooperation aimed at promoting the economic, social, and cultural development of the cross-border and Euroregional territory, while also encouraging exchanges within it. Gobierno de Arag\u00f3n The Government of Aragon is the institution that holds executive power in the Autonomous Community of Aragon, and is responsible for managing regional competencies in areas such as education, healthcare, economy, environment, and culture. Departamento de Empleo, Ciencia y Universidades del Gobierno de Arag\u00f3n The Department of Employment, Science and Universities of the Government of Aragon promotes policies on employment, scientific development and higher education in the region, fostering research, university training and job placement. It acts as a coordinating and regulatory body to ensure quality, innovation and equal opportunities in the fields of work, science and higher education. Direcci\u00f3n General de Universidades del Departamento de Empleo, Ciencia y Universidades del Gobierno de Arag\u00f3n The Directorate General for Universities of the Department of Employment, Science, and Universities of the Government of Aragon is the body responsible for planning, coordinating, and overseeing policies related to university education in the autonomous community. Diputaci\u00f3n Provincial de Zaragoza The Provincial Council of Zaragoza is the local government institution that provides services and support to the municipalities of the province of Zaragoza, especially the smaller ones, to promote their economic, social, and cultural development. It also manages supra-municipal responsibilities, fostering cooperation between municipalities and territorial balance. Ayuntamiento de Zaragoza The Zaragoza City Council is the governing institution of the municipality of Zaragoza, the capital of Aragon. Responsible for local administration, it manages public services, urban planning, security, and promotes the city&#8217;s economic and cultural development. Diputaci\u00f3n Provincial de Huesca The Provincial Council of Huesca is the local government institution that provides services and support to the municipalities of the province of Huesca, especially the smaller ones, to promote their economic, social, and cultural development. It also manages supra-municipal responsibilities, fostering cooperation between municipalities and territorial balance. Ayuntamiento de Huesca The Huesca City Council is the","og_url":"https:\/\/univ-unita.eu\/it\/our-alliance\/partners__trashed\/associated-partners\/","og_site_name":"UNITA","article_modified_time":"2025-12-09T10:15:22+00:00","og_image":[{"width":2560,"height":1707,"url":"https:\/\/univ-unita.eu\/wp-content\/uploads\/2025\/11\/unito-Torino-Fiume-Po-Studenti-02-scaled.jpg","type":"image\/jpeg"}],"twitter_card":"summary_large_image","twitter_misc":{"Tempo di lettura stimato":"15 minuti"},"schema":{"@context":"https:\/\/schema.org","@graph":[{"@type":"WebPage","@id":"https:\/\/univ-unita.eu\/our-alliance\/partners__trashed\/associated-partners\/","url":"https:\/\/univ-unita.eu\/our-alliance\/partners__trashed\/associated-partners\/","name":"Associated partners - UNITA","isPartOf":{"@id":"https:\/\/univ-unita.eu\/#website"},"primaryImageOfPage":{"@id":"https:\/\/univ-unita.eu\/our-alliance\/partners__trashed\/associated-partners\/#primaryimage"},"image":{"@id":"https:\/\/univ-unita.eu\/our-alliance\/partners__trashed\/associated-partners\/#primaryimage"},"thumbnailUrl":"https:\/\/univ-unita.eu\/wp-content\/uploads\/2025\/11\/unito-Torino-Fiume-Po-Studenti-02-1300x650.jpg","datePublished":"2025-06-06T07:59:00+00:00","dateModified":"2025-12-09T10:15:22+00:00","breadcrumb":{"@id":"https:\/\/univ-unita.eu\/our-alliance\/partners__trashed\/associated-partners\/#breadcrumb"},"inLanguage":"it-IT","potentialAction":[{"@type":"ReadAction","target":["https:\/\/univ-unita.eu\/our-alliance\/partners__trashed\/associated-partners\/"]}]},{"@type":"ImageObject","inLanguage":"it-IT","@id":"https:\/\/univ-unita.eu\/our-alliance\/partners__trashed\/associated-partners\/#primaryimage","url":"https:\/\/univ-unita.eu\/wp-content\/uploads\/2025\/11\/unito-Torino-Fiume-Po-Studenti-02-1300x650.jpg","contentUrl":"https:\/\/univ-unita.eu\/wp-content\/uploads\/2025\/11\/unito-Torino-Fiume-Po-Studenti-02-1300x650.jpg"},{"@type":"BreadcrumbList","@id":"https:\/\/univ-unita.eu\/our-alliance\/partners__trashed\/associated-partners\/#breadcrumb","itemListElement":[{"@type":"ListItem","position":1,"name":"Home","item":"https:\/\/univ-unita.eu\/"},{"@type":"ListItem","position":2,"name":"Our alliance","item":"https:\/\/univ-unita.eu\/our-alliance\/"},{"@type":"ListItem","position":3,"name":"Associated partners"}]},{"@type":"WebSite","@id":"https:\/\/univ-unita.eu\/#website","url":"https:\/\/univ-unita.eu\/","name":"UNITA Universitas Montium","description":"Universitas Montium","publisher":{"@id":"https:\/\/univ-unita.eu\/#organization"},"potentialAction":[{"@type":"SearchAction","target":{"@type":"EntryPoint","urlTemplate":"https:\/\/univ-unita.eu\/?s={search_term_string}"},"query-input":{"@type":"PropertyValueSpecification","valueRequired":true,"valueName":"search_term_string"}}],"inLanguage":"it-IT"},{"@type":"Organization","@id":"https:\/\/univ-unita.eu\/#organization","name":"UNITA Universitas Montium","url":"https:\/\/univ-unita.eu\/","logo":{"@type":"ImageObject","inLanguage":"it-IT","@id":"https:\/\/univ-unita.eu\/#\/schema\/logo\/image\/","url":"https:\/\/univ-unita.eu\/wp-content\/uploads\/2025\/05\/logo-unita.png","contentUrl":"https:\/\/univ-unita.eu\/wp-content\/uploads\/2025\/05\/logo-unita.png","width":366,"height":304,"caption":"UNITA Universitas Montium"},"image":{"@id":"https:\/\/univ-unita.eu\/#\/schema\/logo\/image\/"}}]}},"_links":{"self":[{"href":"https:\/\/univ-unita.eu\/it\/wp-json\/wp\/v2\/pages\/587","targetHints":{"allow":["GET"]}}],"collection":[{"href":"https:\/\/univ-unita.eu\/it\/wp-json\/wp\/v2\/pages"}],"about":[{"href":"https:\/\/univ-unita.eu\/it\/wp-json\/wp\/v2\/types\/page"}],"author":[{"embeddable":true,"href":"https:\/\/univ-unita.eu\/it\/wp-json\/wp\/v2\/users\/4"}],"replies":[{"embeddable":true,"href":"https:\/\/univ-unita.eu\/it\/wp-json\/wp\/v2\/comments?post=587"}],"version-history":[{"count":169,"href":"https:\/\/univ-unita.eu\/it\/wp-json\/wp\/v2\/pages\/587\/revisions"}],"predecessor-version":[{"id":7425,"href":"https:\/\/univ-unita.eu\/it\/wp-json\/wp\/v2\/pages\/587\/revisions\/7425"}],"up":[{"embeddable":true,"href":"https:\/\/univ-unita.eu\/it\/wp-json\/wp\/v2\/pages\/3587"}],"wp:attachment":[{"href":"https:\/\/univ-unita.eu\/it\/wp-json\/wp\/v2\/media?parent=587"}],"curies":[{"name":"wp","href":"https:\/\/api.w.org\/{rel}","templated":true}]}}